{"id":1700,"date":"2024-04-27T16:37:23","date_gmt":"2024-04-27T14:37:23","guid":{"rendered":"https:\/\/www.lorenz-iblher.com\/?page_id=1700"},"modified":"2026-01-02T20:30:02","modified_gmt":"2026-01-02T19:30:02","slug":"professioneller-drohnenfotograf-in-portugal-drohnenfotografie-luftaufnahmen-immobilien-events-sport","status":"publish","type":"page","link":"https:\/\/www.lorenz-iblher.com\/de\/professioneller-drohnenfotograf-in-portugal-drohnenfotografie-luftaufnahmen-immobilien-events-sport\/","title":{"rendered":"Drohnenfotografie"},"content":{"rendered":"\n<div class=\"wp-block-cover alignfull is-light\"><img loading=\"lazy\" decoding=\"async\" width=\"1995\" height=\"1122\" class=\"wp-block-cover__image-background wp-image-2340 size-full\" alt=\"\" src=\"https:\/\/www.lorenz-iblher.com\/de\/wp-content\/uploads\/sites\/2\/2025\/06\/Luftaufnahme-der-Stromzentrale.jpg\" data-object-fit=\"cover\" srcset=\"https:\/\/www.lorenz-iblher.com\/de\/wp-content\/uploads\/sites\/2\/2025\/06\/Luftaufnahme-der-Stromzentrale.jpg 1995w, https:\/\/www.lorenz-iblher.com\/de\/wp-content\/uploads\/sites\/2\/2025\/06\/Luftaufnahme-der-Stromzentrale-300x169.jpg 300w, https:\/\/www.lorenz-iblher.com\/de\/wp-content\/uploads\/sites\/2\/2025\/06\/Luftaufnahme-der-Stromzentrale-1024x576.jpg 1024w, https:\/\/www.lorenz-iblher.com\/de\/wp-content\/uploads\/sites\/2\/2025\/06\/Luftaufnahme-der-Stromzentrale-768x432.jpg 768w, https:\/\/www.lorenz-iblher.com\/de\/wp-content\/uploads\/sites\/2\/2025\/06\/Luftaufnahme-der-Stromzentrale-1536x864.jpg 1536w\" sizes=\"auto, (max-width: 1995px) 100vw, 1995px\" \/><span aria-hidden=\"true\" class=\"wp-block-cover__background has-white-background-color has-background-dim-0 has-background-dim\"><\/span><div class=\"wp-block-cover__inner-container is-layout-flow wp-block-cover-is-layout-flow\">\n<p class=\"has-text-align-center has-large-font-size\"><\/p>\n<\/div><\/div>\n\n\n\n<div class=\"wp-block-group alignwide\"><div class=\"wp-block-group__inner-container is-layout-constrained wp-block-group-is-layout-constrained\">\n<div style=\"height:58px\" aria-hidden=\"true\" class=\"wp-block-spacer\"><\/div>\n\n\n\n<h3 class=\"wp-block-heading\"><strong>Professionelle Drohnenfotografie<\/strong><\/h3>\n\n\n\n<hr class=\"wp-block-separator has-css-opacity alignfull\"\/>\n\n\n\n<div style=\"height:25px\" aria-hidden=\"true\" class=\"wp-block-spacer\"><\/div>\n\n\n\n<p style=\"font-size:17px\">Entdecken Sie die Welt von oben mit beeindruckenden Drohnenaufnahmen! <\/p>\n\n\n\n<p style=\"font-size:17px\">Als erfahrener Fotograf biete ich Ihnen hochwertige Luftaufnahmen aus einzigartigen Perspektiven. <\/p>\n\n\n\n<p style=\"font-size:17px\">Egal ob Immobilien, Events, Sportveranstaltungen, Pressetermine oder private Feiern \u2013 mit der Drohnenfotografie fange ich die Sch\u00f6nheit und Einzigartigkeit Ihrer Momente perfekt ein. <\/p>\n\n\n\n<p style=\"font-size:17px\">Mit modernster Technologie und kreativem Blick setze ich Ihre Visionen gekonnt um und schaffe Bilder die begeistern. Vertrauen Sie auf meine Erfahrung, und lassen Sie uns gemeinsam Ihre Geschichte aus der Luft erz\u00e4hlen.<\/p>\n\n\n\n<p style=\"font-size:17px\">Kontaktieren Sie mich jetzt, und heben Sie Ihr Projekt auf ein neues Level!<\/p>\n\n\n\n<div style=\"height:23px\" aria-hidden=\"true\" class=\"wp-block-spacer\"><\/div>\n\n\n\n<p class=\"button--style_1\"><a href=\"https:\/\/www.lorenz-iblher.com\/de\/contact\/\" data-type=\"page\" data-id=\"98\">Kontakt<\/a><\/p>\n\n\n\n<div style=\"height:74px\" aria-hidden=\"true\" class=\"wp-block-spacer\"><\/div>\n<\/div><\/div>\n\n\n\n<div class=\"wp-block-group alignfull\"><div class=\"wp-block-group__inner-container is-layout-constrained wp-block-group-is-layout-constrained\">\n<figure class=\"wp-block-gallery alignfull has-nested-images columns-default is-cropped wp-block-gallery-2 is-layout-flex wp-block-gallery-is-layout-flex\">\n<figure class=\"wp-block-image size-full\"><img loading=\"lazy\" decoding=\"async\" width=\"1773\" height=\"1330\" data-id=\"2344\" src=\"https:\/\/www.lorenz-iblher.com\/de\/wp-content\/uploads\/sites\/2\/2025\/06\/Ferienunterkunft-inmitten-der-Natur.jpg\" alt=\"\" class=\"wp-image-2344\" title=\"Ferienunterkunft inmitten der Natur\" srcset=\"https:\/\/www.lorenz-iblher.com\/de\/wp-content\/uploads\/sites\/2\/2025\/06\/Ferienunterkunft-inmitten-der-Natur.jpg 1773w, https:\/\/www.lorenz-iblher.com\/de\/wp-content\/uploads\/sites\/2\/2025\/06\/Ferienunterkunft-inmitten-der-Natur-300x225.jpg 300w, https:\/\/www.lorenz-iblher.com\/de\/wp-content\/uploads\/sites\/2\/2025\/06\/Ferienunterkunft-inmitten-der-Natur-1024x768.jpg 1024w, https:\/\/www.lorenz-iblher.com\/de\/wp-content\/uploads\/sites\/2\/2025\/06\/Ferienunterkunft-inmitten-der-Natur-768x576.jpg 768w, https:\/\/www.lorenz-iblher.com\/de\/wp-content\/uploads\/sites\/2\/2025\/06\/Ferienunterkunft-inmitten-der-Natur-1536x1152.jpg 1536w\" sizes=\"auto, (max-width: 1773px) 100vw, 1773px\" \/><\/figure>\n\n\n\n<figure class=\"wp-block-image size-full\"><img loading=\"lazy\" decoding=\"async\" width=\"1773\" height=\"1330\" data-id=\"2350\" src=\"https:\/\/www.lorenz-iblher.com\/de\/wp-content\/uploads\/sites\/2\/2025\/06\/Landhaus-mit-Pool.jpg\" alt=\"\" class=\"wp-image-2350\" title=\"Landhaus mit Pool\" srcset=\"https:\/\/www.lorenz-iblher.com\/de\/wp-content\/uploads\/sites\/2\/2025\/06\/Landhaus-mit-Pool.jpg 1773w, https:\/\/www.lorenz-iblher.com\/de\/wp-content\/uploads\/sites\/2\/2025\/06\/Landhaus-mit-Pool-300x225.jpg 300w, https:\/\/www.lorenz-iblher.com\/de\/wp-content\/uploads\/sites\/2\/2025\/06\/Landhaus-mit-Pool-1024x768.jpg 1024w, https:\/\/www.lorenz-iblher.com\/de\/wp-content\/uploads\/sites\/2\/2025\/06\/Landhaus-mit-Pool-768x576.jpg 768w, https:\/\/www.lorenz-iblher.com\/de\/wp-content\/uploads\/sites\/2\/2025\/06\/Landhaus-mit-Pool-1536x1152.jpg 1536w\" sizes=\"auto, (max-width: 1773px) 100vw, 1773px\" \/><\/figure>\n\n\n\n<figure class=\"wp-block-image size-full\"><img loading=\"lazy\" decoding=\"async\" width=\"1773\" height=\"1330\" data-id=\"2349\" src=\"https:\/\/www.lorenz-iblher.com\/de\/wp-content\/uploads\/sites\/2\/2025\/06\/Immobilie-am-spaeten-Nachmittag.jpg\" alt=\"\" class=\"wp-image-2349\" title=\"Immobilie am sp\u00e4ten Nachmittag\" srcset=\"https:\/\/www.lorenz-iblher.com\/de\/wp-content\/uploads\/sites\/2\/2025\/06\/Immobilie-am-spaeten-Nachmittag.jpg 1773w, https:\/\/www.lorenz-iblher.com\/de\/wp-content\/uploads\/sites\/2\/2025\/06\/Immobilie-am-spaeten-Nachmittag-300x225.jpg 300w, https:\/\/www.lorenz-iblher.com\/de\/wp-content\/uploads\/sites\/2\/2025\/06\/Immobilie-am-spaeten-Nachmittag-1024x768.jpg 1024w, https:\/\/www.lorenz-iblher.com\/de\/wp-content\/uploads\/sites\/2\/2025\/06\/Immobilie-am-spaeten-Nachmittag-768x576.jpg 768w, https:\/\/www.lorenz-iblher.com\/de\/wp-content\/uploads\/sites\/2\/2025\/06\/Immobilie-am-spaeten-Nachmittag-1536x1152.jpg 1536w\" sizes=\"auto, (max-width: 1773px) 100vw, 1773px\" \/><\/figure>\n\n\n\n<figure class=\"wp-block-image size-full\"><img loading=\"lazy\" decoding=\"async\" width=\"2560\" height=\"1440\" data-id=\"2293\" src=\"https:\/\/www.lorenz-iblher.com\/de\/wp-content\/uploads\/sites\/2\/2025\/01\/Visuelle-Baustellenbegleitung-mit-Drohne-scaled.jpg\" alt=\"\" class=\"wp-image-2293\" title=\"Visuelle Baustellenbegleitung mit Drohne\" srcset=\"https:\/\/www.lorenz-iblher.com\/de\/wp-content\/uploads\/sites\/2\/2025\/01\/Visuelle-Baustellenbegleitung-mit-Drohne-scaled.jpg 2560w, https:\/\/www.lorenz-iblher.com\/de\/wp-content\/uploads\/sites\/2\/2025\/01\/Visuelle-Baustellenbegleitung-mit-Drohne-300x169.jpg 300w, https:\/\/www.lorenz-iblher.com\/de\/wp-content\/uploads\/sites\/2\/2025\/01\/Visuelle-Baustellenbegleitung-mit-Drohne-1024x576.jpg 1024w, https:\/\/www.lorenz-iblher.com\/de\/wp-content\/uploads\/sites\/2\/2025\/01\/Visuelle-Baustellenbegleitung-mit-Drohne-768x432.jpg 768w, https:\/\/www.lorenz-iblher.com\/de\/wp-content\/uploads\/sites\/2\/2025\/01\/Visuelle-Baustellenbegleitung-mit-Drohne-1536x864.jpg 1536w, https:\/\/www.lorenz-iblher.com\/de\/wp-content\/uploads\/sites\/2\/2025\/01\/Visuelle-Baustellenbegleitung-mit-Drohne-2048x1152.jpg 2048w\" sizes=\"auto, (max-width: 2560px) 100vw, 2560px\" \/><\/figure>\n\n\n\n<figure class=\"wp-block-image size-full\"><img loading=\"lazy\" decoding=\"async\" width=\"2560\" height=\"1440\" data-id=\"2280\" src=\"https:\/\/www.lorenz-iblher.com\/de\/wp-content\/uploads\/sites\/2\/2025\/01\/Luftbildfotografie-von-Baustellen-und-Grundstuecken-scaled.jpg\" alt=\"\" class=\"wp-image-2280\" title=\"Luftbildfotografie von Baustellen und Grundst\u00fccken\" srcset=\"https:\/\/www.lorenz-iblher.com\/de\/wp-content\/uploads\/sites\/2\/2025\/01\/Luftbildfotografie-von-Baustellen-und-Grundstuecken-scaled.jpg 2560w, https:\/\/www.lorenz-iblher.com\/de\/wp-content\/uploads\/sites\/2\/2025\/01\/Luftbildfotografie-von-Baustellen-und-Grundstuecken-300x169.jpg 300w, https:\/\/www.lorenz-iblher.com\/de\/wp-content\/uploads\/sites\/2\/2025\/01\/Luftbildfotografie-von-Baustellen-und-Grundstuecken-1024x576.jpg 1024w, https:\/\/www.lorenz-iblher.com\/de\/wp-content\/uploads\/sites\/2\/2025\/01\/Luftbildfotografie-von-Baustellen-und-Grundstuecken-768x432.jpg 768w, https:\/\/www.lorenz-iblher.com\/de\/wp-content\/uploads\/sites\/2\/2025\/01\/Luftbildfotografie-von-Baustellen-und-Grundstuecken-1536x864.jpg 1536w, https:\/\/www.lorenz-iblher.com\/de\/wp-content\/uploads\/sites\/2\/2025\/01\/Luftbildfotografie-von-Baustellen-und-Grundstuecken-2048x1152.jpg 2048w\" sizes=\"auto, (max-width: 2560px) 100vw, 2560px\" \/><\/figure>\n\n\n\n<figure class=\"wp-block-image size-full\"><img loading=\"lazy\" decoding=\"async\" width=\"2560\" height=\"1440\" data-id=\"2278\" src=\"https:\/\/www.lorenz-iblher.com\/de\/wp-content\/uploads\/sites\/2\/2025\/01\/Drohnen-Baubegleitung-und-Baudokumentation-scaled.jpg\" alt=\"\" class=\"wp-image-2278\" title=\"Drohnen Baubegleitung und Baudokumentation\" srcset=\"https:\/\/www.lorenz-iblher.com\/de\/wp-content\/uploads\/sites\/2\/2025\/01\/Drohnen-Baubegleitung-und-Baudokumentation-scaled.jpg 2560w, https:\/\/www.lorenz-iblher.com\/de\/wp-content\/uploads\/sites\/2\/2025\/01\/Drohnen-Baubegleitung-und-Baudokumentation-300x169.jpg 300w, https:\/\/www.lorenz-iblher.com\/de\/wp-content\/uploads\/sites\/2\/2025\/01\/Drohnen-Baubegleitung-und-Baudokumentation-1024x576.jpg 1024w, https:\/\/www.lorenz-iblher.com\/de\/wp-content\/uploads\/sites\/2\/2025\/01\/Drohnen-Baubegleitung-und-Baudokumentation-768x432.jpg 768w, https:\/\/www.lorenz-iblher.com\/de\/wp-content\/uploads\/sites\/2\/2025\/01\/Drohnen-Baubegleitung-und-Baudokumentation-1536x864.jpg 1536w, https:\/\/www.lorenz-iblher.com\/de\/wp-content\/uploads\/sites\/2\/2025\/01\/Drohnen-Baubegleitung-und-Baudokumentation-2048x1152.jpg 2048w\" sizes=\"auto, (max-width: 2560px) 100vw, 2560px\" \/><\/figure>\n\n\n\n<figure class=\"wp-block-image size-full\"><img loading=\"lazy\" decoding=\"async\" width=\"1773\" height=\"1330\" data-id=\"2351\" src=\"https:\/\/www.lorenz-iblher.com\/de\/wp-content\/uploads\/sites\/2\/2025\/06\/Landschaft-mit-Feldern-und-Korkeichen.jpg\" alt=\"\" class=\"wp-image-2351\" title=\"Landschaft mit Feldern und Korkeichen\" srcset=\"https:\/\/www.lorenz-iblher.com\/de\/wp-content\/uploads\/sites\/2\/2025\/06\/Landschaft-mit-Feldern-und-Korkeichen.jpg 1773w, https:\/\/www.lorenz-iblher.com\/de\/wp-content\/uploads\/sites\/2\/2025\/06\/Landschaft-mit-Feldern-und-Korkeichen-300x225.jpg 300w, https:\/\/www.lorenz-iblher.com\/de\/wp-content\/uploads\/sites\/2\/2025\/06\/Landschaft-mit-Feldern-und-Korkeichen-1024x768.jpg 1024w, https:\/\/www.lorenz-iblher.com\/de\/wp-content\/uploads\/sites\/2\/2025\/06\/Landschaft-mit-Feldern-und-Korkeichen-768x576.jpg 768w, https:\/\/www.lorenz-iblher.com\/de\/wp-content\/uploads\/sites\/2\/2025\/06\/Landschaft-mit-Feldern-und-Korkeichen-1536x1152.jpg 1536w\" sizes=\"auto, (max-width: 1773px) 100vw, 1773px\" \/><\/figure>\n\n\n\n<figure class=\"wp-block-image size-full\"><img loading=\"lazy\" decoding=\"async\" width=\"1773\" height=\"1330\" data-id=\"2341\" src=\"https:\/\/www.lorenz-iblher.com\/de\/wp-content\/uploads\/sites\/2\/2025\/06\/Aussenbereich-in-trockener-Landschaft.jpg\" alt=\"\" class=\"wp-image-2341\" title=\"Aussenbereich in trockener Landschaft\" srcset=\"https:\/\/www.lorenz-iblher.com\/de\/wp-content\/uploads\/sites\/2\/2025\/06\/Aussenbereich-in-trockener-Landschaft.jpg 1773w, https:\/\/www.lorenz-iblher.com\/de\/wp-content\/uploads\/sites\/2\/2025\/06\/Aussenbereich-in-trockener-Landschaft-300x225.jpg 300w, https:\/\/www.lorenz-iblher.com\/de\/wp-content\/uploads\/sites\/2\/2025\/06\/Aussenbereich-in-trockener-Landschaft-1024x768.jpg 1024w, https:\/\/www.lorenz-iblher.com\/de\/wp-content\/uploads\/sites\/2\/2025\/06\/Aussenbereich-in-trockener-Landschaft-768x576.jpg 768w, https:\/\/www.lorenz-iblher.com\/de\/wp-content\/uploads\/sites\/2\/2025\/06\/Aussenbereich-in-trockener-Landschaft-1536x1152.jpg 1536w\" sizes=\"auto, (max-width: 1773px) 100vw, 1773px\" \/><\/figure>\n\n\n\n<figure class=\"wp-block-image size-full\"><img loading=\"lazy\" decoding=\"async\" width=\"1773\" height=\"1330\" data-id=\"2348\" src=\"https:\/\/www.lorenz-iblher.com\/de\/wp-content\/uploads\/sites\/2\/2025\/06\/Haus-umgeben-von-Feldern.jpg\" alt=\"\" class=\"wp-image-2348\" title=\"Haus umgeben von Feldern\" srcset=\"https:\/\/www.lorenz-iblher.com\/de\/wp-content\/uploads\/sites\/2\/2025\/06\/Haus-umgeben-von-Feldern.jpg 1773w, https:\/\/www.lorenz-iblher.com\/de\/wp-content\/uploads\/sites\/2\/2025\/06\/Haus-umgeben-von-Feldern-300x225.jpg 300w, https:\/\/www.lorenz-iblher.com\/de\/wp-content\/uploads\/sites\/2\/2025\/06\/Haus-umgeben-von-Feldern-1024x768.jpg 1024w, https:\/\/www.lorenz-iblher.com\/de\/wp-content\/uploads\/sites\/2\/2025\/06\/Haus-umgeben-von-Feldern-768x576.jpg 768w, https:\/\/www.lorenz-iblher.com\/de\/wp-content\/uploads\/sites\/2\/2025\/06\/Haus-umgeben-von-Feldern-1536x1152.jpg 1536w\" sizes=\"auto, (max-width: 1773px) 100vw, 1773px\" \/><\/figure>\n\n\n\n<figure class=\"wp-block-image size-full\"><img loading=\"lazy\" decoding=\"async\" width=\"2560\" height=\"1440\" data-id=\"2291\" src=\"https:\/\/www.lorenz-iblher.com\/de\/wp-content\/uploads\/sites\/2\/2025\/01\/Professioneller-Drohnenfotograf-in-Portugal-scaled.jpg\" alt=\"\" class=\"wp-image-2291\" title=\"Professioneller Drohnenfotograf in Portugal\" srcset=\"https:\/\/www.lorenz-iblher.com\/de\/wp-content\/uploads\/sites\/2\/2025\/01\/Professioneller-Drohnenfotograf-in-Portugal-scaled.jpg 2560w, https:\/\/www.lorenz-iblher.com\/de\/wp-content\/uploads\/sites\/2\/2025\/01\/Professioneller-Drohnenfotograf-in-Portugal-300x169.jpg 300w, https:\/\/www.lorenz-iblher.com\/de\/wp-content\/uploads\/sites\/2\/2025\/01\/Professioneller-Drohnenfotograf-in-Portugal-1024x576.jpg 1024w, https:\/\/www.lorenz-iblher.com\/de\/wp-content\/uploads\/sites\/2\/2025\/01\/Professioneller-Drohnenfotograf-in-Portugal-768x432.jpg 768w, https:\/\/www.lorenz-iblher.com\/de\/wp-content\/uploads\/sites\/2\/2025\/01\/Professioneller-Drohnenfotograf-in-Portugal-1536x864.jpg 1536w, https:\/\/www.lorenz-iblher.com\/de\/wp-content\/uploads\/sites\/2\/2025\/01\/Professioneller-Drohnenfotograf-in-Portugal-2048x1152.jpg 2048w\" sizes=\"auto, (max-width: 2560px) 100vw, 2560px\" \/><\/figure>\n\n\n\n<figure class=\"wp-block-image size-full\"><img loading=\"lazy\" decoding=\"async\" width=\"2560\" height=\"1440\" data-id=\"2282\" src=\"https:\/\/www.lorenz-iblher.com\/de\/wp-content\/uploads\/sites\/2\/2025\/01\/Immobilien-Drohnenfotografie-in-Portugal-scaled.jpg\" alt=\"\" class=\"wp-image-2282\" title=\"Immobilien Drohnenfotografie in Portugal\" srcset=\"https:\/\/www.lorenz-iblher.com\/de\/wp-content\/uploads\/sites\/2\/2025\/01\/Immobilien-Drohnenfotografie-in-Portugal-scaled.jpg 2560w, https:\/\/www.lorenz-iblher.com\/de\/wp-content\/uploads\/sites\/2\/2025\/01\/Immobilien-Drohnenfotografie-in-Portugal-300x169.jpg 300w, https:\/\/www.lorenz-iblher.com\/de\/wp-content\/uploads\/sites\/2\/2025\/01\/Immobilien-Drohnenfotografie-in-Portugal-1024x576.jpg 1024w, https:\/\/www.lorenz-iblher.com\/de\/wp-content\/uploads\/sites\/2\/2025\/01\/Immobilien-Drohnenfotografie-in-Portugal-768x432.jpg 768w, https:\/\/www.lorenz-iblher.com\/de\/wp-content\/uploads\/sites\/2\/2025\/01\/Immobilien-Drohnenfotografie-in-Portugal-1536x864.jpg 1536w, https:\/\/www.lorenz-iblher.com\/de\/wp-content\/uploads\/sites\/2\/2025\/01\/Immobilien-Drohnenfotografie-in-Portugal-2048x1152.jpg 2048w\" sizes=\"auto, (max-width: 2560px) 100vw, 2560px\" \/><\/figure>\n\n\n\n<figure class=\"wp-block-image size-full\"><img loading=\"lazy\" decoding=\"async\" width=\"2560\" height=\"1440\" data-id=\"2279\" src=\"https:\/\/www.lorenz-iblher.com\/de\/wp-content\/uploads\/sites\/2\/2025\/01\/Professionelle-Luftaufnahmen-in-Portugal-scaled.jpg\" alt=\"\" class=\"wp-image-2279\" title=\"Professionelle Luftaufnahmen in Portugal\" srcset=\"https:\/\/www.lorenz-iblher.com\/de\/wp-content\/uploads\/sites\/2\/2025\/01\/Professionelle-Luftaufnahmen-in-Portugal-scaled.jpg 2560w, https:\/\/www.lorenz-iblher.com\/de\/wp-content\/uploads\/sites\/2\/2025\/01\/Professionelle-Luftaufnahmen-in-Portugal-300x169.jpg 300w, https:\/\/www.lorenz-iblher.com\/de\/wp-content\/uploads\/sites\/2\/2025\/01\/Professionelle-Luftaufnahmen-in-Portugal-1024x576.jpg 1024w, https:\/\/www.lorenz-iblher.com\/de\/wp-content\/uploads\/sites\/2\/2025\/01\/Professionelle-Luftaufnahmen-in-Portugal-768x432.jpg 768w, https:\/\/www.lorenz-iblher.com\/de\/wp-content\/uploads\/sites\/2\/2025\/01\/Professionelle-Luftaufnahmen-in-Portugal-1536x864.jpg 1536w, https:\/\/www.lorenz-iblher.com\/de\/wp-content\/uploads\/sites\/2\/2025\/01\/Professionelle-Luftaufnahmen-in-Portugal-2048x1152.jpg 2048w\" sizes=\"auto, (max-width: 2560px) 100vw, 2560px\" \/><\/figure>\n\n\n\n<figure class=\"wp-block-image size-full\"><img loading=\"lazy\" decoding=\"async\" width=\"1995\" height=\"1122\" data-id=\"2345\" src=\"https:\/\/www.lorenz-iblher.com\/de\/wp-content\/uploads\/sites\/2\/2025\/06\/Haus-an-einem-Golfplatz.jpg\" alt=\"\" class=\"wp-image-2345\" title=\"Haus an einem Golfplatz\" srcset=\"https:\/\/www.lorenz-iblher.com\/de\/wp-content\/uploads\/sites\/2\/2025\/06\/Haus-an-einem-Golfplatz.jpg 1995w, https:\/\/www.lorenz-iblher.com\/de\/wp-content\/uploads\/sites\/2\/2025\/06\/Haus-an-einem-Golfplatz-300x169.jpg 300w, https:\/\/www.lorenz-iblher.com\/de\/wp-content\/uploads\/sites\/2\/2025\/06\/Haus-an-einem-Golfplatz-1024x576.jpg 1024w, https:\/\/www.lorenz-iblher.com\/de\/wp-content\/uploads\/sites\/2\/2025\/06\/Haus-an-einem-Golfplatz-768x432.jpg 768w, https:\/\/www.lorenz-iblher.com\/de\/wp-content\/uploads\/sites\/2\/2025\/06\/Haus-an-einem-Golfplatz-1536x864.jpg 1536w\" sizes=\"auto, (max-width: 1995px) 100vw, 1995px\" \/><\/figure>\n\n\n\n<figure class=\"wp-block-image size-full\"><img loading=\"lazy\" decoding=\"async\" width=\"1995\" height=\"1122\" data-id=\"2346\" src=\"https:\/\/www.lorenz-iblher.com\/de\/wp-content\/uploads\/sites\/2\/2025\/06\/Haus-mit-Pool-inmitten-von-Kiefern.jpg\" alt=\"\" class=\"wp-image-2346\" title=\"Haus mit Pool inmitten von Kiefern\" srcset=\"https:\/\/www.lorenz-iblher.com\/de\/wp-content\/uploads\/sites\/2\/2025\/06\/Haus-mit-Pool-inmitten-von-Kiefern.jpg 1995w, https:\/\/www.lorenz-iblher.com\/de\/wp-content\/uploads\/sites\/2\/2025\/06\/Haus-mit-Pool-inmitten-von-Kiefern-300x169.jpg 300w, https:\/\/www.lorenz-iblher.com\/de\/wp-content\/uploads\/sites\/2\/2025\/06\/Haus-mit-Pool-inmitten-von-Kiefern-1024x576.jpg 1024w, https:\/\/www.lorenz-iblher.com\/de\/wp-content\/uploads\/sites\/2\/2025\/06\/Haus-mit-Pool-inmitten-von-Kiefern-768x432.jpg 768w, https:\/\/www.lorenz-iblher.com\/de\/wp-content\/uploads\/sites\/2\/2025\/06\/Haus-mit-Pool-inmitten-von-Kiefern-1536x864.jpg 1536w\" sizes=\"auto, (max-width: 1995px) 100vw, 1995px\" \/><\/figure>\n\n\n\n<figure class=\"wp-block-image size-full\"><img loading=\"lazy\" decoding=\"async\" width=\"1995\" height=\"1122\" data-id=\"2352\" src=\"https:\/\/www.lorenz-iblher.com\/de\/wp-content\/uploads\/sites\/2\/2025\/06\/Luftaufnahmen-von-Immobilien.jpg\" alt=\"\" class=\"wp-image-2352\" title=\"Luftaufnahmen von Immobilien\" srcset=\"https:\/\/www.lorenz-iblher.com\/de\/wp-content\/uploads\/sites\/2\/2025\/06\/Luftaufnahmen-von-Immobilien.jpg 1995w, https:\/\/www.lorenz-iblher.com\/de\/wp-content\/uploads\/sites\/2\/2025\/06\/Luftaufnahmen-von-Immobilien-300x169.jpg 300w, https:\/\/www.lorenz-iblher.com\/de\/wp-content\/uploads\/sites\/2\/2025\/06\/Luftaufnahmen-von-Immobilien-1024x576.jpg 1024w, https:\/\/www.lorenz-iblher.com\/de\/wp-content\/uploads\/sites\/2\/2025\/06\/Luftaufnahmen-von-Immobilien-768x432.jpg 768w, https:\/\/www.lorenz-iblher.com\/de\/wp-content\/uploads\/sites\/2\/2025\/06\/Luftaufnahmen-von-Immobilien-1536x864.jpg 1536w\" sizes=\"auto, (max-width: 1995px) 100vw, 1995px\" \/><\/figure>\n\n\n\n<figure class=\"wp-block-image size-full\"><img loading=\"lazy\" decoding=\"async\" width=\"1995\" height=\"1122\" data-id=\"2358\" src=\"https:\/\/www.lorenz-iblher.com\/de\/wp-content\/uploads\/sites\/2\/2025\/06\/Rueckansicht-eines-Hauses-im-Bau-1.jpg\" alt=\"\" class=\"wp-image-2358\" title=\"Ru\u0308ckansicht eines Hauses im Bau\" srcset=\"https:\/\/www.lorenz-iblher.com\/de\/wp-content\/uploads\/sites\/2\/2025\/06\/Rueckansicht-eines-Hauses-im-Bau-1.jpg 1995w, https:\/\/www.lorenz-iblher.com\/de\/wp-content\/uploads\/sites\/2\/2025\/06\/Rueckansicht-eines-Hauses-im-Bau-1-300x169.jpg 300w, https:\/\/www.lorenz-iblher.com\/de\/wp-content\/uploads\/sites\/2\/2025\/06\/Rueckansicht-eines-Hauses-im-Bau-1-1024x576.jpg 1024w, https:\/\/www.lorenz-iblher.com\/de\/wp-content\/uploads\/sites\/2\/2025\/06\/Rueckansicht-eines-Hauses-im-Bau-1-768x432.jpg 768w, https:\/\/www.lorenz-iblher.com\/de\/wp-content\/uploads\/sites\/2\/2025\/06\/Rueckansicht-eines-Hauses-im-Bau-1-1536x864.jpg 1536w\" sizes=\"auto, (max-width: 1995px) 100vw, 1995px\" \/><\/figure>\n\n\n\n<figure class=\"wp-block-image size-full\"><img loading=\"lazy\" decoding=\"async\" width=\"1995\" height=\"1122\" data-id=\"2342\" src=\"https:\/\/www.lorenz-iblher.com\/de\/wp-content\/uploads\/sites\/2\/2025\/06\/Bau-aus-der-Vogelperspektive.jpg\" alt=\"\" class=\"wp-image-2342\" title=\"Bau aus der Vogelperspektive\" srcset=\"https:\/\/www.lorenz-iblher.com\/de\/wp-content\/uploads\/sites\/2\/2025\/06\/Bau-aus-der-Vogelperspektive.jpg 1995w, https:\/\/www.lorenz-iblher.com\/de\/wp-content\/uploads\/sites\/2\/2025\/06\/Bau-aus-der-Vogelperspektive-300x169.jpg 300w, https:\/\/www.lorenz-iblher.com\/de\/wp-content\/uploads\/sites\/2\/2025\/06\/Bau-aus-der-Vogelperspektive-1024x576.jpg 1024w, https:\/\/www.lorenz-iblher.com\/de\/wp-content\/uploads\/sites\/2\/2025\/06\/Bau-aus-der-Vogelperspektive-768x432.jpg 768w, https:\/\/www.lorenz-iblher.com\/de\/wp-content\/uploads\/sites\/2\/2025\/06\/Bau-aus-der-Vogelperspektive-1536x864.jpg 1536w\" sizes=\"auto, (max-width: 1995px) 100vw, 1995px\" \/><\/figure>\n\n\n\n<figure class=\"wp-block-image size-full\"><img loading=\"lazy\" decoding=\"async\" width=\"1995\" height=\"1122\" data-id=\"2343\" src=\"https:\/\/www.lorenz-iblher.com\/de\/wp-content\/uploads\/sites\/2\/2025\/06\/Drohnenaufnahme-einer-Baustelle.jpg\" alt=\"\" class=\"wp-image-2343\" title=\"Drohnenaufnahme einer Baustelle\" srcset=\"https:\/\/www.lorenz-iblher.com\/de\/wp-content\/uploads\/sites\/2\/2025\/06\/Drohnenaufnahme-einer-Baustelle.jpg 1995w, https:\/\/www.lorenz-iblher.com\/de\/wp-content\/uploads\/sites\/2\/2025\/06\/Drohnenaufnahme-einer-Baustelle-300x169.jpg 300w, https:\/\/www.lorenz-iblher.com\/de\/wp-content\/uploads\/sites\/2\/2025\/06\/Drohnenaufnahme-einer-Baustelle-1024x576.jpg 1024w, https:\/\/www.lorenz-iblher.com\/de\/wp-content\/uploads\/sites\/2\/2025\/06\/Drohnenaufnahme-einer-Baustelle-768x432.jpg 768w, https:\/\/www.lorenz-iblher.com\/de\/wp-content\/uploads\/sites\/2\/2025\/06\/Drohnenaufnahme-einer-Baustelle-1536x864.jpg 1536w\" sizes=\"auto, (max-width: 1995px) 100vw, 1995px\" \/><\/figure>\n\n\n\n<figure class=\"wp-block-image size-full\"><img loading=\"lazy\" decoding=\"async\" width=\"2560\" height=\"1440\" data-id=\"2292\" src=\"https:\/\/www.lorenz-iblher.com\/de\/wp-content\/uploads\/sites\/2\/2025\/01\/Drohnenaufnahme-fuer-Bauplanung-und-Standortanalyse-scaled.jpg\" alt=\"\" class=\"wp-image-2292\" title=\"Drohnenaufnahme f\u00fcr Bauplanung und Standortanalyse\" srcset=\"https:\/\/www.lorenz-iblher.com\/de\/wp-content\/uploads\/sites\/2\/2025\/01\/Drohnenaufnahme-fuer-Bauplanung-und-Standortanalyse-scaled.jpg 2560w, https:\/\/www.lorenz-iblher.com\/de\/wp-content\/uploads\/sites\/2\/2025\/01\/Drohnenaufnahme-fuer-Bauplanung-und-Standortanalyse-300x169.jpg 300w, https:\/\/www.lorenz-iblher.com\/de\/wp-content\/uploads\/sites\/2\/2025\/01\/Drohnenaufnahme-fuer-Bauplanung-und-Standortanalyse-1024x576.jpg 1024w, https:\/\/www.lorenz-iblher.com\/de\/wp-content\/uploads\/sites\/2\/2025\/01\/Drohnenaufnahme-fuer-Bauplanung-und-Standortanalyse-768x432.jpg 768w, https:\/\/www.lorenz-iblher.com\/de\/wp-content\/uploads\/sites\/2\/2025\/01\/Drohnenaufnahme-fuer-Bauplanung-und-Standortanalyse-1536x864.jpg 1536w, https:\/\/www.lorenz-iblher.com\/de\/wp-content\/uploads\/sites\/2\/2025\/01\/Drohnenaufnahme-fuer-Bauplanung-und-Standortanalyse-2048x1152.jpg 2048w\" sizes=\"auto, (max-width: 2560px) 100vw, 2560px\" \/><\/figure>\n\n\n\n<figure class=\"wp-block-image size-full\"><img loading=\"lazy\" decoding=\"async\" width=\"2560\" height=\"1440\" data-id=\"2283\" src=\"https:\/\/www.lorenz-iblher.com\/de\/wp-content\/uploads\/sites\/2\/2025\/01\/Luftaufnahmen-fuer-Kartierung-und-topografische-Vermessung-scaled.jpg\" alt=\"\" class=\"wp-image-2283\" title=\"Luftaufnahmen f\u00fcr Kartierung und topografische Vermessungen\" srcset=\"https:\/\/www.lorenz-iblher.com\/de\/wp-content\/uploads\/sites\/2\/2025\/01\/Luftaufnahmen-fuer-Kartierung-und-topografische-Vermessung-scaled.jpg 2560w, https:\/\/www.lorenz-iblher.com\/de\/wp-content\/uploads\/sites\/2\/2025\/01\/Luftaufnahmen-fuer-Kartierung-und-topografische-Vermessung-300x169.jpg 300w, https:\/\/www.lorenz-iblher.com\/de\/wp-content\/uploads\/sites\/2\/2025\/01\/Luftaufnahmen-fuer-Kartierung-und-topografische-Vermessung-1024x576.jpg 1024w, https:\/\/www.lorenz-iblher.com\/de\/wp-content\/uploads\/sites\/2\/2025\/01\/Luftaufnahmen-fuer-Kartierung-und-topografische-Vermessung-768x432.jpg 768w, https:\/\/www.lorenz-iblher.com\/de\/wp-content\/uploads\/sites\/2\/2025\/01\/Luftaufnahmen-fuer-Kartierung-und-topografische-Vermessung-1536x864.jpg 1536w, https:\/\/www.lorenz-iblher.com\/de\/wp-content\/uploads\/sites\/2\/2025\/01\/Luftaufnahmen-fuer-Kartierung-und-topografische-Vermessung-2048x1152.jpg 2048w\" sizes=\"auto, (max-width: 2560px) 100vw, 2560px\" \/><\/figure>\n\n\n\n<figure class=\"wp-block-image size-full\"><img loading=\"lazy\" decoding=\"async\" width=\"2560\" height=\"1440\" data-id=\"2286\" src=\"https:\/\/www.lorenz-iblher.com\/de\/wp-content\/uploads\/sites\/2\/2025\/01\/Drohnenfotografie-von-Grundstuecken-und-Bauprojekten-scaled.jpg\" alt=\"\" class=\"wp-image-2286\" title=\"Drohnenfotografie von Grundst\u00fccken und Bauprojekten\" srcset=\"https:\/\/www.lorenz-iblher.com\/de\/wp-content\/uploads\/sites\/2\/2025\/01\/Drohnenfotografie-von-Grundstuecken-und-Bauprojekten-scaled.jpg 2560w, https:\/\/www.lorenz-iblher.com\/de\/wp-content\/uploads\/sites\/2\/2025\/01\/Drohnenfotografie-von-Grundstuecken-und-Bauprojekten-300x169.jpg 300w, https:\/\/www.lorenz-iblher.com\/de\/wp-content\/uploads\/sites\/2\/2025\/01\/Drohnenfotografie-von-Grundstuecken-und-Bauprojekten-1024x576.jpg 1024w, https:\/\/www.lorenz-iblher.com\/de\/wp-content\/uploads\/sites\/2\/2025\/01\/Drohnenfotografie-von-Grundstuecken-und-Bauprojekten-768x432.jpg 768w, https:\/\/www.lorenz-iblher.com\/de\/wp-content\/uploads\/sites\/2\/2025\/01\/Drohnenfotografie-von-Grundstuecken-und-Bauprojekten-1536x864.jpg 1536w, https:\/\/www.lorenz-iblher.com\/de\/wp-content\/uploads\/sites\/2\/2025\/01\/Drohnenfotografie-von-Grundstuecken-und-Bauprojekten-2048x1152.jpg 2048w\" sizes=\"auto, (max-width: 2560px) 100vw, 2560px\" \/><\/figure>\n\n\n\n<figure class=\"wp-block-image size-full\"><img loading=\"lazy\" decoding=\"async\" width=\"2560\" height=\"1440\" data-id=\"2289\" src=\"https:\/\/www.lorenz-iblher.com\/de\/wp-content\/uploads\/sites\/2\/2025\/01\/Luftbildfotografie-fuer-kommunale-Projekte-scaled.jpg\" alt=\"\" class=\"wp-image-2289\" title=\"Luftbildfotografie f\u00fcr kommunale Projekte\" srcset=\"https:\/\/www.lorenz-iblher.com\/de\/wp-content\/uploads\/sites\/2\/2025\/01\/Luftbildfotografie-fuer-kommunale-Projekte-scaled.jpg 2560w, https:\/\/www.lorenz-iblher.com\/de\/wp-content\/uploads\/sites\/2\/2025\/01\/Luftbildfotografie-fuer-kommunale-Projekte-300x169.jpg 300w, https:\/\/www.lorenz-iblher.com\/de\/wp-content\/uploads\/sites\/2\/2025\/01\/Luftbildfotografie-fuer-kommunale-Projekte-1024x576.jpg 1024w, https:\/\/www.lorenz-iblher.com\/de\/wp-content\/uploads\/sites\/2\/2025\/01\/Luftbildfotografie-fuer-kommunale-Projekte-768x432.jpg 768w, https:\/\/www.lorenz-iblher.com\/de\/wp-content\/uploads\/sites\/2\/2025\/01\/Luftbildfotografie-fuer-kommunale-Projekte-1536x864.jpg 1536w, https:\/\/www.lorenz-iblher.com\/de\/wp-content\/uploads\/sites\/2\/2025\/01\/Luftbildfotografie-fuer-kommunale-Projekte-2048x1152.jpg 2048w\" sizes=\"auto, (max-width: 2560px) 100vw, 2560px\" \/><\/figure>\n\n\n\n<figure class=\"wp-block-image size-full\"><img loading=\"lazy\" decoding=\"async\" width=\"2560\" height=\"1440\" data-id=\"2285\" src=\"https:\/\/www.lorenz-iblher.com\/de\/wp-content\/uploads\/sites\/2\/2025\/01\/Drohnenbilder-fuer-inspektion-von-Bauwerken-und-Infrastrukturen-scaled.jpg\" alt=\"\" class=\"wp-image-2285\" title=\"Drohnenbilder f\u00fcr inspektion von Bauwerken und Infrastrukturen\" srcset=\"https:\/\/www.lorenz-iblher.com\/de\/wp-content\/uploads\/sites\/2\/2025\/01\/Drohnenbilder-fuer-inspektion-von-Bauwerken-und-Infrastrukturen-scaled.jpg 2560w, https:\/\/www.lorenz-iblher.com\/de\/wp-content\/uploads\/sites\/2\/2025\/01\/Drohnenbilder-fuer-inspektion-von-Bauwerken-und-Infrastrukturen-300x169.jpg 300w, https:\/\/www.lorenz-iblher.com\/de\/wp-content\/uploads\/sites\/2\/2025\/01\/Drohnenbilder-fuer-inspektion-von-Bauwerken-und-Infrastrukturen-1024x576.jpg 1024w, https:\/\/www.lorenz-iblher.com\/de\/wp-content\/uploads\/sites\/2\/2025\/01\/Drohnenbilder-fuer-inspektion-von-Bauwerken-und-Infrastrukturen-768x432.jpg 768w, https:\/\/www.lorenz-iblher.com\/de\/wp-content\/uploads\/sites\/2\/2025\/01\/Drohnenbilder-fuer-inspektion-von-Bauwerken-und-Infrastrukturen-1536x864.jpg 1536w, https:\/\/www.lorenz-iblher.com\/de\/wp-content\/uploads\/sites\/2\/2025\/01\/Drohnenbilder-fuer-inspektion-von-Bauwerken-und-Infrastrukturen-2048x1152.jpg 2048w\" sizes=\"auto, (max-width: 2560px) 100vw, 2560px\" \/><\/figure>\n\n\n\n<figure class=\"wp-block-image size-full\"><img loading=\"lazy\" decoding=\"async\" width=\"2560\" height=\"1440\" data-id=\"2290\" src=\"https:\/\/www.lorenz-iblher.com\/de\/wp-content\/uploads\/sites\/2\/2025\/01\/Fotodokumentation-fuer-Tourismus-und-Kultur-scaled.jpg\" alt=\"\" class=\"wp-image-2290\" title=\"Fotodokumentation f\u00fcr Tourismus und Kultur\" srcset=\"https:\/\/www.lorenz-iblher.com\/de\/wp-content\/uploads\/sites\/2\/2025\/01\/Fotodokumentation-fuer-Tourismus-und-Kultur-scaled.jpg 2560w, https:\/\/www.lorenz-iblher.com\/de\/wp-content\/uploads\/sites\/2\/2025\/01\/Fotodokumentation-fuer-Tourismus-und-Kultur-300x169.jpg 300w, https:\/\/www.lorenz-iblher.com\/de\/wp-content\/uploads\/sites\/2\/2025\/01\/Fotodokumentation-fuer-Tourismus-und-Kultur-1024x576.jpg 1024w, https:\/\/www.lorenz-iblher.com\/de\/wp-content\/uploads\/sites\/2\/2025\/01\/Fotodokumentation-fuer-Tourismus-und-Kultur-768x432.jpg 768w, https:\/\/www.lorenz-iblher.com\/de\/wp-content\/uploads\/sites\/2\/2025\/01\/Fotodokumentation-fuer-Tourismus-und-Kultur-1536x864.jpg 1536w, https:\/\/www.lorenz-iblher.com\/de\/wp-content\/uploads\/sites\/2\/2025\/01\/Fotodokumentation-fuer-Tourismus-und-Kultur-2048x1152.jpg 2048w\" sizes=\"auto, (max-width: 2560px) 100vw, 2560px\" \/><\/figure>\n<\/figure>\n<\/div><\/div>\n\n\n\n<div class=\"wp-block-group alignwide\"><div class=\"wp-block-group__inner-container is-layout-constrained wp-block-group-is-layout-constrained\">\n<div style=\"height:74px\" aria-hidden=\"true\" class=\"wp-block-spacer\"><\/div>\n\n\n\n<p>Professioneller Drohnenfotograf in Portugal und Algarve<br><br>Die Luftbildfotografie hat die Art und Weise, wie wir Bilder und Videos aufnehmen, grundlegend ver\u00e4ndert und er\u00f6ffnet uns Perspektiven, die zuvor unerreichbar waren. Mit professionellen Drohnen kann ich hochwertige visuelle Inhalte erstellen, die Immobilien, Veranstaltungen, Landschaften sowie Boote und Yachten auf dem Wasser eindrucksvoll in Szene setzen. Dieser Service richtet sich an alle, die nach beeindruckenden und detailreichen Bildern suchen, die das jeweilige Szenario oder Objekt optimal zur Geltung bringen.<br><br>Immobilien Drohnenfotografie<br><br>Im Immobiliensektor stellt die Luftbildfotografie einen echten Gewinn dar. Sie erm\u00f6glicht es, die gesamte Fl\u00e4che einer Immobilie aus der Vogelperspektive zu erfassen, einschlie\u00dflich Grundst\u00fccken, G\u00e4rten, Schwimmb\u00e4dern und der Umgebung. Egal, ob es sich um eine Luxusvilla, einen Wohnkomplex oder Grundst\u00fccke zum Verkauf handelt \u2013 Luftbilder beeindrucken potenzielle K\u00e4ufer und pr\u00e4sentieren die Immobilie auf einzigartige Weise.<br><br>Drohnenfotografie bei Events<br><br>Ob f\u00fcr Unternehmens-, Kultur- oder private Veranstaltungen, die Luftbildfotografie bietet eine innovative M\u00f6glichkeit, besondere Momente festzuhalten. Durch erh\u00f6hte Perspektiven kann ich die gesamte Energie und Dimension des Events einfangen, sei es im Freien oder in gro\u00dfen Innenr\u00e4umen. Dieser Service eignet sich hervorragend, um ein ansprechendes Portfolio zu erstellen oder Inhalte f\u00fcr soziale Medien zu produzieren.<br><br>Luftbilder von Baustellen und Grundst\u00fccken<br><br>F\u00fcr Bauunternehmen und Architekten ist die Baustellendokumentation per Drohne ein unverzichtbares Werkzeug, um Projekte zu \u00fcberwachen, Fortschritte zu dokumentieren und Grundst\u00fccke klar darzustellen. Sie ist auch hilfreich f\u00fcr Berichte oder professionelle Pr\u00e4sentationen, die eine umfassende und detaillierte Sicht auf den Raum erfordern.<br><br>Drohnenfotografie bei Sportveranstaltungen<br><br>Bei Sportveranstaltungen im Freien, wie Surf-Wettbewerben, Rennen oder Fu\u00dfballturnieren, k\u00f6nnen Drohnen die Emotionen und das Ausma\u00df des Geschehens auf einzigartige Weise einfangen. Luftbilder zeigen Teilnehmer, Publikum und Umgebung in beeindruckendem Detail und schaffen unvergessliche Erinnerungen sowie wirkungsvolle Werbematerialien.<br><br>Drohnenfotografie von Yachten und Booten<br><br>Die Luftaufnahme von Yachten und Booten erzeugt einen faszinierenden visuellen Eindruck. Dieser Service ist ideal f\u00fcr nautische Unternehmen, Kapit\u00e4ne oder Eigent\u00fcmer, die ihre Boote bewerben m\u00f6chten \u2013 sei es zum Verkauf, zur Vermietung oder f\u00fcr Werbeaktionen. Die Drohnen k\u00f6nnen dynamische Bilder sowohl in Bewegung auf dem Wasser als auch im Hafen festhalten, stets mit einem Hauch von Eleganz.<br><br>Wenn Sie&nbsp; Ihr Projekt\/Veranstaltung fotografisch dokumentieren lassen m\u00f6chten, stehe ich Ihnen gerne zur Verf\u00fcgung.Kontaktieren Sie mich, um Ihr Projekt zu besprechen!<br><br>Lorenz Iblher Event und Immobilienfotograf in Portugal und Algarve<\/p>\n<\/div><\/div>\n","protected":false},"excerpt":{"rendered":"<p>Professionelle Drohnenfotografie Entdecken Sie die Welt von oben mit beeindruckenden Drohnenaufnahmen! Als erfahrener Fotograf biete ich Ihnen hochwertige Luftaufnahmen aus einzigartigen Perspektiven. Egal ob Immobilien, Events, Sportveranstaltungen, Pressetermine oder private Feiern \u2013 mit der Drohnenfotografie fange ich die Sch\u00f6nheit und Einzigartigkeit Ihrer Momente perfekt ein. Mit modernster Technologie und kreativem Blick setze ich Ihre Visionen [&hellip;]<\/p>\n","protected":false},"author":1,"featured_media":0,"parent":0,"menu_order":0,"comment_status":"closed","ping_status":"closed","template":"page-full-width.php","meta":{"_acf_changed":false,"footnotes":""},"class_list":["post-1700","page","type-page","status-publish","hentry"],"acf":[],"yoast_head":"<!-- This site is optimized with the Yoast SEO plugin v24.4 - https:\/\/yoast.com\/wordpress\/plugins\/seo\/ -->\n<title>Drohnenfotografie in Portugal - Professioneller Drohnenfotograf f\u00fcr Ferienh\u00e4usern, Immobilien, Events, Firmenfeiern, Sport, Baustellendokumentation, Yachten in Portugal, Algarve<\/title>\n<meta name=\"description\" content=\"Professionelle Luftaufnahmen in Portugal, die Ihre Immobilien und Events aus einer einzigartigen Vogelperspektive zeigen. Diese hochwertigen Drohnenbilder bieten eine spannende und detaillierte Darstellung, die Ihr Objekt hervorhebt und einen umfassenden \u00dcberblick erm\u00f6glicht.\" \/>\n<meta name=\"robots\" content=\"index, follow, max-snippet:-1, max-image-preview:large, max-video-preview:-1\" \/>\n<link rel=\"canonical\" href=\"https:\/\/www.lorenz-iblher.com\/de\/professioneller-drohnenfotograf-in-portugal-drohnenfotografie-luftaufnahmen-immobilien-events-sport\/\" \/>\n<meta property=\"og:locale\" content=\"de_DE\" \/>\n<meta property=\"og:type\" content=\"article\" \/>\n<meta property=\"og:title\" content=\"Drohnenfotografie in Portugal - Professioneller Drohnenfotograf f\u00fcr Ferienh\u00e4usern, Immobilien, Events, Firmenfeiern, Sport, Baustellendokumentation, Yachten in Portugal, Algarve\" \/>\n<meta property=\"og:description\" content=\"Professionelle Luftaufnahmen in Portugal, die Ihre Immobilien und Events aus einer einzigartigen Vogelperspektive zeigen. Diese hochwertigen Drohnenbilder bieten eine spannende und detaillierte Darstellung, die Ihr Objekt hervorhebt und einen umfassenden \u00dcberblick erm\u00f6glicht.\" \/>\n<meta property=\"og:url\" content=\"https:\/\/www.lorenz-iblher.com\/de\/professioneller-drohnenfotograf-in-portugal-drohnenfotografie-luftaufnahmen-immobilien-events-sport\/\" \/>\n<meta property=\"og:site_name\" content=\"Lorenz Iblher\" \/>\n<meta property=\"article:modified_time\" content=\"2026-01-02T19:30:02+00:00\" \/>\n<meta property=\"og:image\" content=\"https:\/\/www.lorenz-iblher.com\/de\/wp-content\/uploads\/sites\/2\/2025\/06\/Luftaufnahme-der-Stromzentrale-1024x576.jpg\" \/>\n\t<meta property=\"og:image:width\" content=\"1024\" \/>\n\t<meta property=\"og:image:height\" content=\"576\" \/>\n\t<meta property=\"og:image:type\" content=\"image\/jpeg\" \/>\n<meta name=\"twitter:card\" content=\"summary_large_image\" \/>\n<meta name=\"twitter:label1\" content=\"Gesch\u00e4tzte Lesezeit\" \/>\n\t<meta name=\"twitter:data1\" content=\"8\u00a0Minuten\" \/>\n<script type=\"application\/ld+json\" class=\"yoast-schema-graph\">{\"@context\":\"https:\/\/schema.org\",\"@graph\":[{\"@type\":\"WebPage\",\"@id\":\"https:\/\/www.lorenz-iblher.com\/de\/professioneller-drohnenfotograf-in-portugal-drohnenfotografie-luftaufnahmen-immobilien-events-sport\/\",\"url\":\"https:\/\/www.lorenz-iblher.com\/de\/professioneller-drohnenfotograf-in-portugal-drohnenfotografie-luftaufnahmen-immobilien-events-sport\/\",\"name\":\"Drohnenfotografie in Portugal - Professioneller Drohnenfotograf f\u00fcr Ferienh\u00e4usern, Immobilien, Events, Firmenfeiern, Sport, Baustellendokumentation, Yachten in Portugal, Algarve\",\"isPartOf\":{\"@id\":\"https:\/\/www.lorenz-iblher.com\/de\/#website\"},\"primaryImageOfPage\":{\"@id\":\"https:\/\/www.lorenz-iblher.com\/de\/professioneller-drohnenfotograf-in-portugal-drohnenfotografie-luftaufnahmen-immobilien-events-sport\/#primaryimage\"},\"image\":{\"@id\":\"https:\/\/www.lorenz-iblher.com\/de\/professioneller-drohnenfotograf-in-portugal-drohnenfotografie-luftaufnahmen-immobilien-events-sport\/#primaryimage\"},\"thumbnailUrl\":\"https:\/\/www.lorenz-iblher.com\/de\/wp-content\/uploads\/sites\/2\/2025\/06\/Luftaufnahme-der-Stromzentrale.jpg\",\"datePublished\":\"2024-04-27T14:37:23+00:00\",\"dateModified\":\"2026-01-02T19:30:02+00:00\",\"description\":\"Professionelle Luftaufnahmen in Portugal, die Ihre Immobilien und Events aus einer einzigartigen Vogelperspektive zeigen. Diese hochwertigen Drohnenbilder bieten eine spannende und detaillierte Darstellung, die Ihr Objekt hervorhebt und einen umfassenden \u00dcberblick erm\u00f6glicht.\",\"breadcrumb\":{\"@id\":\"https:\/\/www.lorenz-iblher.com\/de\/professioneller-drohnenfotograf-in-portugal-drohnenfotografie-luftaufnahmen-immobilien-events-sport\/#breadcrumb\"},\"inLanguage\":\"de\",\"potentialAction\":[{\"@type\":\"ReadAction\",\"target\":[\"https:\/\/www.lorenz-iblher.com\/de\/professioneller-drohnenfotograf-in-portugal-drohnenfotografie-luftaufnahmen-immobilien-events-sport\/\"]}]},{\"@type\":\"ImageObject\",\"inLanguage\":\"de\",\"@id\":\"https:\/\/www.lorenz-iblher.com\/de\/professioneller-drohnenfotograf-in-portugal-drohnenfotografie-luftaufnahmen-immobilien-events-sport\/#primaryimage\",\"url\":\"https:\/\/www.lorenz-iblher.com\/de\/wp-content\/uploads\/sites\/2\/2025\/06\/Luftaufnahme-der-Stromzentrale.jpg\",\"contentUrl\":\"https:\/\/www.lorenz-iblher.com\/de\/wp-content\/uploads\/sites\/2\/2025\/06\/Luftaufnahme-der-Stromzentrale.jpg\",\"width\":1995,\"height\":1122},{\"@type\":\"BreadcrumbList\",\"@id\":\"https:\/\/www.lorenz-iblher.com\/de\/professioneller-drohnenfotograf-in-portugal-drohnenfotografie-luftaufnahmen-immobilien-events-sport\/#breadcrumb\",\"itemListElement\":[{\"@type\":\"ListItem\",\"position\":1,\"name\":\"Startseite\",\"item\":\"https:\/\/www.lorenz-iblher.com\/de\/\"},{\"@type\":\"ListItem\",\"position\":2,\"name\":\"Drohnenfotografie\"}]},{\"@type\":\"WebSite\",\"@id\":\"https:\/\/www.lorenz-iblher.com\/de\/#website\",\"url\":\"https:\/\/www.lorenz-iblher.com\/de\/\",\"name\":\"Lorenz Iblher\",\"description\":\"\",\"potentialAction\":[{\"@type\":\"SearchAction\",\"target\":{\"@type\":\"EntryPoint\",\"urlTemplate\":\"https:\/\/www.lorenz-iblher.com\/de\/?s={search_term_string}\"},\"query-input\":{\"@type\":\"PropertyValueSpecification\",\"valueRequired\":true,\"valueName\":\"search_term_string\"}}],\"inLanguage\":\"de\"}]}<\/script>\n<!-- \/ Yoast SEO plugin. -->","yoast_head_json":{"title":"Drohnenfotografie in Portugal - Professioneller Drohnenfotograf f\u00fcr Ferienh\u00e4usern, Immobilien, Events, Firmenfeiern, Sport, Baustellendokumentation, Yachten in Portugal, Algarve","description":"Professionelle Luftaufnahmen in Portugal, die Ihre Immobilien und Events aus einer einzigartigen Vogelperspektive zeigen. Diese hochwertigen Drohnenbilder bieten eine spannende und detaillierte Darstellung, die Ihr Objekt hervorhebt und einen umfassenden \u00dcberblick erm\u00f6glicht.","robots":{"index":"index","follow":"follow","max-snippet":"max-snippet:-1","max-image-preview":"max-image-preview:large","max-video-preview":"max-video-preview:-1"},"canonical":"https:\/\/www.lorenz-iblher.com\/de\/professioneller-drohnenfotograf-in-portugal-drohnenfotografie-luftaufnahmen-immobilien-events-sport\/","og_locale":"de_DE","og_type":"article","og_title":"Drohnenfotografie in Portugal - Professioneller Drohnenfotograf f\u00fcr Ferienh\u00e4usern, Immobilien, Events, Firmenfeiern, Sport, Baustellendokumentation, Yachten in Portugal, Algarve","og_description":"Professionelle Luftaufnahmen in Portugal, die Ihre Immobilien und Events aus einer einzigartigen Vogelperspektive zeigen. Diese hochwertigen Drohnenbilder bieten eine spannende und detaillierte Darstellung, die Ihr Objekt hervorhebt und einen umfassenden \u00dcberblick erm\u00f6glicht.","og_url":"https:\/\/www.lorenz-iblher.com\/de\/professioneller-drohnenfotograf-in-portugal-drohnenfotografie-luftaufnahmen-immobilien-events-sport\/","og_site_name":"Lorenz Iblher","article_modified_time":"2026-01-02T19:30:02+00:00","og_image":[{"width":1024,"height":576,"url":"https:\/\/www.lorenz-iblher.com\/de\/wp-content\/uploads\/sites\/2\/2025\/06\/Luftaufnahme-der-Stromzentrale-1024x576.jpg","type":"image\/jpeg"}],"twitter_card":"summary_large_image","twitter_misc":{"Gesch\u00e4tzte Lesezeit":"8\u00a0Minuten"},"schema":{"@context":"https:\/\/schema.org","@graph":[{"@type":"WebPage","@id":"https:\/\/www.lorenz-iblher.com\/de\/professioneller-drohnenfotograf-in-portugal-drohnenfotografie-luftaufnahmen-immobilien-events-sport\/","url":"https:\/\/www.lorenz-iblher.com\/de\/professioneller-drohnenfotograf-in-portugal-drohnenfotografie-luftaufnahmen-immobilien-events-sport\/","name":"Drohnenfotografie in Portugal - Professioneller Drohnenfotograf f\u00fcr Ferienh\u00e4usern, Immobilien, Events, Firmenfeiern, Sport, Baustellendokumentation, Yachten in Portugal, Algarve","isPartOf":{"@id":"https:\/\/www.lorenz-iblher.com\/de\/#website"},"primaryImageOfPage":{"@id":"https:\/\/www.lorenz-iblher.com\/de\/professioneller-drohnenfotograf-in-portugal-drohnenfotografie-luftaufnahmen-immobilien-events-sport\/#primaryimage"},"image":{"@id":"https:\/\/www.lorenz-iblher.com\/de\/professioneller-drohnenfotograf-in-portugal-drohnenfotografie-luftaufnahmen-immobilien-events-sport\/#primaryimage"},"thumbnailUrl":"https:\/\/www.lorenz-iblher.com\/de\/wp-content\/uploads\/sites\/2\/2025\/06\/Luftaufnahme-der-Stromzentrale.jpg","datePublished":"2024-04-27T14:37:23+00:00","dateModified":"2026-01-02T19:30:02+00:00","description":"Professionelle Luftaufnahmen in Portugal, die Ihre Immobilien und Events aus einer einzigartigen Vogelperspektive zeigen. Diese hochwertigen Drohnenbilder bieten eine spannende und detaillierte Darstellung, die Ihr Objekt hervorhebt und einen umfassenden \u00dcberblick erm\u00f6glicht.","breadcrumb":{"@id":"https:\/\/www.lorenz-iblher.com\/de\/professioneller-drohnenfotograf-in-portugal-drohnenfotografie-luftaufnahmen-immobilien-events-sport\/#breadcrumb"},"inLanguage":"de","potentialAction":[{"@type":"ReadAction","target":["https:\/\/www.lorenz-iblher.com\/de\/professioneller-drohnenfotograf-in-portugal-drohnenfotografie-luftaufnahmen-immobilien-events-sport\/"]}]},{"@type":"ImageObject","inLanguage":"de","@id":"https:\/\/www.lorenz-iblher.com\/de\/professioneller-drohnenfotograf-in-portugal-drohnenfotografie-luftaufnahmen-immobilien-events-sport\/#primaryimage","url":"https:\/\/www.lorenz-iblher.com\/de\/wp-content\/uploads\/sites\/2\/2025\/06\/Luftaufnahme-der-Stromzentrale.jpg","contentUrl":"https:\/\/www.lorenz-iblher.com\/de\/wp-content\/uploads\/sites\/2\/2025\/06\/Luftaufnahme-der-Stromzentrale.jpg","width":1995,"height":1122},{"@type":"BreadcrumbList","@id":"https:\/\/www.lorenz-iblher.com\/de\/professioneller-drohnenfotograf-in-portugal-drohnenfotografie-luftaufnahmen-immobilien-events-sport\/#breadcrumb","itemListElement":[{"@type":"ListItem","position":1,"name":"Startseite","item":"https:\/\/www.lorenz-iblher.com\/de\/"},{"@type":"ListItem","position":2,"name":"Drohnenfotografie"}]},{"@type":"WebSite","@id":"https:\/\/www.lorenz-iblher.com\/de\/#website","url":"https:\/\/www.lorenz-iblher.com\/de\/","name":"Lorenz Iblher","description":"","potentialAction":[{"@type":"SearchAction","target":{"@type":"EntryPoint","urlTemplate":"https:\/\/www.lorenz-iblher.com\/de\/?s={search_term_string}"},"query-input":{"@type":"PropertyValueSpecification","valueRequired":true,"valueName":"search_term_string"}}],"inLanguage":"de"}]}},"_links":{"self":[{"href":"https:\/\/www.lorenz-iblher.com\/de\/wp-json\/wp\/v2\/pages\/1700","targetHints":{"allow":["GET"]}}],"collection":[{"href":"https:\/\/www.lorenz-iblher.com\/de\/wp-json\/wp\/v2\/pages"}],"about":[{"href":"https:\/\/www.lorenz-iblher.com\/de\/wp-json\/wp\/v2\/types\/page"}],"author":[{"embeddable":true,"href":"https:\/\/www.lorenz-iblher.com\/de\/wp-json\/wp\/v2\/users\/1"}],"replies":[{"embeddable":true,"href":"https:\/\/www.lorenz-iblher.com\/de\/wp-json\/wp\/v2\/comments?post=1700"}],"version-history":[{"count":12,"href":"https:\/\/www.lorenz-iblher.com\/de\/wp-json\/wp\/v2\/pages\/1700\/revisions"}],"predecessor-version":[{"id":2360,"href":"https:\/\/www.lorenz-iblher.com\/de\/wp-json\/wp\/v2\/pages\/1700\/revisions\/2360"}],"wp:attachment":[{"href":"https:\/\/www.lorenz-iblher.com\/de\/wp-json\/wp\/v2\/media?parent=1700"}],"curies":[{"name":"wp","href":"https:\/\/api.w.org\/{rel}","templated":true}]}}