{"id":360,"date":"2022-08-17T12:42:03","date_gmt":"2022-08-17T10:42:03","guid":{"rendered":"https:\/\/www.lorenz-iblher.com\/?page_id=360"},"modified":"2025-02-06T01:14:50","modified_gmt":"2025-02-06T00:14:50","slug":"eventfotograf-in-portugal-professionelle-eventfotografie-kongresse-messen-sport-firmenfeiern","status":"publish","type":"page","link":"https:\/\/www.lorenz-iblher.com\/de\/eventfotograf-in-portugal-professionelle-eventfotografie-kongresse-messen-sport-firmenfeiern\/","title":{"rendered":"Eventfotografie"},"content":{"rendered":"\n<div class=\"wp-block-cover alignfull is-light\"><span aria-hidden=\"true\" class=\"wp-block-cover__background has-white-background-color has-background-dim-10 has-background-dim\"><\/span><img loading=\"lazy\" decoding=\"async\" width=\"2560\" height=\"1707\" class=\"wp-block-cover__image-background wp-image-1588\" alt=\"Bar mit Mitarbeitern \" src=\"https:\/\/www.lorenz-iblher.com\/de\/wp-content\/uploads\/sites\/2\/2024\/04\/GROHE-DAY-3-Morning-0233-scaled-1.jpg\" style=\"object-position:42% 45%\" data-object-fit=\"cover\" data-object-position=\"42% 45%\" srcset=\"https:\/\/www.lorenz-iblher.com\/de\/wp-content\/uploads\/sites\/2\/2024\/04\/GROHE-DAY-3-Morning-0233-scaled-1.jpg 2560w, https:\/\/www.lorenz-iblher.com\/de\/wp-content\/uploads\/sites\/2\/2024\/04\/GROHE-DAY-3-Morning-0233-scaled-1-300x200.jpg 300w, https:\/\/www.lorenz-iblher.com\/de\/wp-content\/uploads\/sites\/2\/2024\/04\/GROHE-DAY-3-Morning-0233-scaled-1-1024x683.jpg 1024w, https:\/\/www.lorenz-iblher.com\/de\/wp-content\/uploads\/sites\/2\/2024\/04\/GROHE-DAY-3-Morning-0233-scaled-1-768x512.jpg 768w, https:\/\/www.lorenz-iblher.com\/de\/wp-content\/uploads\/sites\/2\/2024\/04\/GROHE-DAY-3-Morning-0233-scaled-1-1536x1024.jpg 1536w, https:\/\/www.lorenz-iblher.com\/de\/wp-content\/uploads\/sites\/2\/2024\/04\/GROHE-DAY-3-Morning-0233-scaled-1-2048x1366.jpg 2048w\" sizes=\"auto, (max-width: 2560px) 100vw, 2560px\" \/><div class=\"wp-block-cover__inner-container is-layout-flow wp-block-cover-is-layout-flow\">\n<p class=\"has-text-align-center has-large-font-size\"><\/p>\n<\/div><\/div>\n\n\n\n<div class=\"wp-block-group alignwide\"><div class=\"wp-block-group__inner-container is-layout-constrained wp-block-group-is-layout-constrained\">\n<div style=\"height:58px\" aria-hidden=\"true\" class=\"wp-block-spacer\"><\/div>\n\n\n\n<h3 class=\"wp-block-heading\"><strong>Professionelle Eventfotografie<\/strong><\/h3>\n\n\n\n<hr class=\"wp-block-separator has-css-opacity alignfull\"\/>\n\n\n\n<div style=\"height:25px\" aria-hidden=\"true\" class=\"wp-block-spacer\"><\/div>\n\n\n\n<p style=\"font-size:17px\">Fangen Sie die Magie Ihres Events ein! Mit einem feinen Gesp\u00fcr f\u00fcr Details und einem Auge f\u00fcr die besonderen Momente halte ich die Emotionen und Atmosph\u00e4re Ihrer Veranstaltung fest.&nbsp;<\/p>\n\n\n\n<p style=\"font-size:17px\">Von der Vorbereitung bis zum feierlichen Abschluss sorge ich mit professionellen und authentischen Bildern daf\u00fcr, dass Ihr Event f\u00fcr immer lebendig bleibt. Erleben Sie die einzigartige Stimmung dieser besonderen Momente in ausdrucksstarken Fotografien!&nbsp;<\/p>\n\n\n\n<p style=\"font-size:17px\">Dar\u00fcber hinaus bieten <a href=\"https:\/\/www.lorenz-iblher.com\/de\/drohnenfotografie\/\">hochwertige Drohnenaufnahmen eine faszinierende Vogelperspektive<\/a>, die nicht nur Ihr Event noch spektakul\u00e4rer macht, sondern auch eine einzigartige M\u00f6glichkeit bietet, die Sch\u00f6nheit und Dynamik Ihrer Veranstaltung aus neuen und beeindruckenden Blickwinkeln zu erfassen.&nbsp;<\/p>\n\n\n\n<p style=\"font-size:17px\">Kontaktieren Sie mich jetzt, und lassen Sie uns gemeinsam Ihr Event unvergesslich machen!<\/p>\n\n\n\n<div style=\"height:23px\" aria-hidden=\"true\" class=\"wp-block-spacer\"><\/div>\n\n\n\n<p class=\"button--style_1\"><a href=\"https:\/\/www.lorenz-iblher.com\/de\/contact\/\" data-type=\"page\" data-id=\"98\">Kontakt<\/a><\/p>\n\n\n\n<div style=\"height:74px\" aria-hidden=\"true\" class=\"wp-block-spacer\"><\/div>\n<\/div><\/div>\n\n\n\n<div class=\"wp-block-group alignfull\"><div class=\"wp-block-group__inner-container is-layout-constrained wp-block-group-is-layout-constrained\">\n<figure class=\"wp-block-gallery alignfull has-nested-images columns-default is-cropped wp-block-gallery-2 is-layout-flex wp-block-gallery-is-layout-flex\">\n<figure class=\"wp-block-image size-full\"><img loading=\"lazy\" decoding=\"async\" width=\"1995\" height=\"1330\" data-id=\"2230\" src=\"https:\/\/www.lorenz-iblher.com\/de\/wp-content\/uploads\/sites\/2\/2025\/01\/Professionelle-Eventfotografie-in-Portugal.jpg\" alt=\"\" class=\"wp-image-2230\" title=\"Professionelle Eventfotografie in Portugal\" srcset=\"https:\/\/www.lorenz-iblher.com\/de\/wp-content\/uploads\/sites\/2\/2025\/01\/Professionelle-Eventfotografie-in-Portugal.jpg 1995w, https:\/\/www.lorenz-iblher.com\/de\/wp-content\/uploads\/sites\/2\/2025\/01\/Professionelle-Eventfotografie-in-Portugal-300x200.jpg 300w, https:\/\/www.lorenz-iblher.com\/de\/wp-content\/uploads\/sites\/2\/2025\/01\/Professionelle-Eventfotografie-in-Portugal-1024x683.jpg 1024w, https:\/\/www.lorenz-iblher.com\/de\/wp-content\/uploads\/sites\/2\/2025\/01\/Professionelle-Eventfotografie-in-Portugal-768x512.jpg 768w, https:\/\/www.lorenz-iblher.com\/de\/wp-content\/uploads\/sites\/2\/2025\/01\/Professionelle-Eventfotografie-in-Portugal-1536x1024.jpg 1536w\" sizes=\"auto, (max-width: 1995px) 100vw, 1995px\" \/><\/figure>\n\n\n\n<figure class=\"wp-block-image size-full\"><img loading=\"lazy\" decoding=\"async\" width=\"1995\" height=\"1330\" data-id=\"2232\" src=\"https:\/\/www.lorenz-iblher.com\/de\/wp-content\/uploads\/sites\/2\/2025\/01\/Eventfotograf-fuer-Sportveransatltungen-Kongresse-Messen.jpg\" alt=\"\" class=\"wp-image-2232\" title=\"Eventfotograf f\u00fcr Sportveransatltungen, Kongresse und Messen\" srcset=\"https:\/\/www.lorenz-iblher.com\/de\/wp-content\/uploads\/sites\/2\/2025\/01\/Eventfotograf-fuer-Sportveransatltungen-Kongresse-Messen.jpg 1995w, https:\/\/www.lorenz-iblher.com\/de\/wp-content\/uploads\/sites\/2\/2025\/01\/Eventfotograf-fuer-Sportveransatltungen-Kongresse-Messen-300x200.jpg 300w, https:\/\/www.lorenz-iblher.com\/de\/wp-content\/uploads\/sites\/2\/2025\/01\/Eventfotograf-fuer-Sportveransatltungen-Kongresse-Messen-1024x683.jpg 1024w, https:\/\/www.lorenz-iblher.com\/de\/wp-content\/uploads\/sites\/2\/2025\/01\/Eventfotograf-fuer-Sportveransatltungen-Kongresse-Messen-768x512.jpg 768w, https:\/\/www.lorenz-iblher.com\/de\/wp-content\/uploads\/sites\/2\/2025\/01\/Eventfotograf-fuer-Sportveransatltungen-Kongresse-Messen-1536x1024.jpg 1536w\" sizes=\"auto, (max-width: 1995px) 100vw, 1995px\" \/><\/figure>\n\n\n\n<figure class=\"wp-block-image size-full\"><img loading=\"lazy\" decoding=\"async\" width=\"1995\" height=\"1330\" data-id=\"2231\" src=\"https:\/\/www.lorenz-iblher.com\/de\/wp-content\/uploads\/sites\/2\/2025\/01\/Eventfotograf-fuer-Motosport-Firmenfeiern-Paesentationen.jpg\" alt=\"\" class=\"wp-image-2231\" title=\"Eventfotograf f\u00fcr Motosport, Firmenfeiern und Pa\u0308sentationen\" srcset=\"https:\/\/www.lorenz-iblher.com\/de\/wp-content\/uploads\/sites\/2\/2025\/01\/Eventfotograf-fuer-Motosport-Firmenfeiern-Paesentationen.jpg 1995w, https:\/\/www.lorenz-iblher.com\/de\/wp-content\/uploads\/sites\/2\/2025\/01\/Eventfotograf-fuer-Motosport-Firmenfeiern-Paesentationen-300x200.jpg 300w, https:\/\/www.lorenz-iblher.com\/de\/wp-content\/uploads\/sites\/2\/2025\/01\/Eventfotograf-fuer-Motosport-Firmenfeiern-Paesentationen-1024x683.jpg 1024w, https:\/\/www.lorenz-iblher.com\/de\/wp-content\/uploads\/sites\/2\/2025\/01\/Eventfotograf-fuer-Motosport-Firmenfeiern-Paesentationen-768x512.jpg 768w, https:\/\/www.lorenz-iblher.com\/de\/wp-content\/uploads\/sites\/2\/2025\/01\/Eventfotograf-fuer-Motosport-Firmenfeiern-Paesentationen-1536x1024.jpg 1536w\" sizes=\"auto, (max-width: 1995px) 100vw, 1995px\" \/><\/figure>\n<\/figure>\n\n\n\n<figure class=\"wp-block-gallery alignfull has-nested-images columns-default is-cropped wp-block-gallery-3 is-layout-flex wp-block-gallery-is-layout-flex\">\n<figure class=\"wp-block-image size-full\"><img loading=\"lazy\" decoding=\"async\" width=\"1330\" height=\"1995\" data-id=\"2237\" src=\"https:\/\/www.lorenz-iblher.com\/de\/wp-content\/uploads\/sites\/2\/2025\/01\/Saenger-bei-performance.jpg\" alt=\"\" class=\"wp-image-2237\" title=\"S\u00e4nger bei performance\" srcset=\"https:\/\/www.lorenz-iblher.com\/de\/wp-content\/uploads\/sites\/2\/2025\/01\/Saenger-bei-performance.jpg 1330w, https:\/\/www.lorenz-iblher.com\/de\/wp-content\/uploads\/sites\/2\/2025\/01\/Saenger-bei-performance-200x300.jpg 200w, https:\/\/www.lorenz-iblher.com\/de\/wp-content\/uploads\/sites\/2\/2025\/01\/Saenger-bei-performance-683x1024.jpg 683w, https:\/\/www.lorenz-iblher.com\/de\/wp-content\/uploads\/sites\/2\/2025\/01\/Saenger-bei-performance-768x1152.jpg 768w, https:\/\/www.lorenz-iblher.com\/de\/wp-content\/uploads\/sites\/2\/2025\/01\/Saenger-bei-performance-1024x1536.jpg 1024w\" sizes=\"auto, (max-width: 1330px) 100vw, 1330px\" \/><\/figure>\n\n\n\n<figure class=\"wp-block-image size-full\"><img loading=\"lazy\" decoding=\"async\" width=\"1330\" height=\"1995\" data-id=\"2236\" src=\"https:\/\/www.lorenz-iblher.com\/de\/wp-content\/uploads\/sites\/2\/2025\/01\/Dj-bei-Event.jpg\" alt=\"\" class=\"wp-image-2236\" title=\"Dj bei Event\" srcset=\"https:\/\/www.lorenz-iblher.com\/de\/wp-content\/uploads\/sites\/2\/2025\/01\/Dj-bei-Event.jpg 1330w, https:\/\/www.lorenz-iblher.com\/de\/wp-content\/uploads\/sites\/2\/2025\/01\/Dj-bei-Event-200x300.jpg 200w, https:\/\/www.lorenz-iblher.com\/de\/wp-content\/uploads\/sites\/2\/2025\/01\/Dj-bei-Event-683x1024.jpg 683w, https:\/\/www.lorenz-iblher.com\/de\/wp-content\/uploads\/sites\/2\/2025\/01\/Dj-bei-Event-768x1152.jpg 768w, https:\/\/www.lorenz-iblher.com\/de\/wp-content\/uploads\/sites\/2\/2025\/01\/Dj-bei-Event-1024x1536.jpg 1024w\" sizes=\"auto, (max-width: 1330px) 100vw, 1330px\" \/><\/figure>\n\n\n\n<figure class=\"wp-block-image size-full\"><img loading=\"lazy\" decoding=\"async\" width=\"1330\" height=\"1995\" data-id=\"2235\" src=\"https:\/\/www.lorenz-iblher.com\/de\/wp-content\/uploads\/sites\/2\/2025\/01\/Tuchakrobatik-im-Abendprogramm.jpg\" alt=\"\" class=\"wp-image-2235\" title=\"Tuchakrobatik im Abendprogramm\" srcset=\"https:\/\/www.lorenz-iblher.com\/de\/wp-content\/uploads\/sites\/2\/2025\/01\/Tuchakrobatik-im-Abendprogramm.jpg 1330w, https:\/\/www.lorenz-iblher.com\/de\/wp-content\/uploads\/sites\/2\/2025\/01\/Tuchakrobatik-im-Abendprogramm-200x300.jpg 200w, https:\/\/www.lorenz-iblher.com\/de\/wp-content\/uploads\/sites\/2\/2025\/01\/Tuchakrobatik-im-Abendprogramm-683x1024.jpg 683w, https:\/\/www.lorenz-iblher.com\/de\/wp-content\/uploads\/sites\/2\/2025\/01\/Tuchakrobatik-im-Abendprogramm-768x1152.jpg 768w, https:\/\/www.lorenz-iblher.com\/de\/wp-content\/uploads\/sites\/2\/2025\/01\/Tuchakrobatik-im-Abendprogramm-1024x1536.jpg 1024w\" sizes=\"auto, (max-width: 1330px) 100vw, 1330px\" \/><\/figure>\n<\/figure>\n\n\n\n<figure class=\"wp-block-gallery has-nested-images columns-default is-cropped wp-block-gallery-4 is-layout-flex wp-block-gallery-is-layout-flex\">\n<figure class=\"wp-block-image size-full\"><img loading=\"lazy\" decoding=\"async\" width=\"1995\" height=\"1330\" data-id=\"2241\" src=\"https:\/\/www.lorenz-iblher.com\/de\/wp-content\/uploads\/sites\/2\/2025\/01\/Saengerin-bei-Firmenevent.jpg\" alt=\"\" class=\"wp-image-2241\" title=\"S\u00e4ngerin bei Firmenevent\" srcset=\"https:\/\/www.lorenz-iblher.com\/de\/wp-content\/uploads\/sites\/2\/2025\/01\/Saengerin-bei-Firmenevent.jpg 1995w, https:\/\/www.lorenz-iblher.com\/de\/wp-content\/uploads\/sites\/2\/2025\/01\/Saengerin-bei-Firmenevent-300x200.jpg 300w, https:\/\/www.lorenz-iblher.com\/de\/wp-content\/uploads\/sites\/2\/2025\/01\/Saengerin-bei-Firmenevent-1024x683.jpg 1024w, https:\/\/www.lorenz-iblher.com\/de\/wp-content\/uploads\/sites\/2\/2025\/01\/Saengerin-bei-Firmenevent-768x512.jpg 768w, https:\/\/www.lorenz-iblher.com\/de\/wp-content\/uploads\/sites\/2\/2025\/01\/Saengerin-bei-Firmenevent-1536x1024.jpg 1536w\" sizes=\"auto, (max-width: 1995px) 100vw, 1995px\" \/><\/figure>\n\n\n\n<figure class=\"wp-block-image size-full\"><img loading=\"lazy\" decoding=\"async\" width=\"1995\" height=\"1330\" data-id=\"2243\" src=\"https:\/\/www.lorenz-iblher.com\/de\/wp-content\/uploads\/sites\/2\/2025\/01\/Stimmungsvolles-Event.jpg\" alt=\"\" class=\"wp-image-2243\" title=\"Stimmungsvolles Event\" srcset=\"https:\/\/www.lorenz-iblher.com\/de\/wp-content\/uploads\/sites\/2\/2025\/01\/Stimmungsvolles-Event.jpg 1995w, https:\/\/www.lorenz-iblher.com\/de\/wp-content\/uploads\/sites\/2\/2025\/01\/Stimmungsvolles-Event-300x200.jpg 300w, https:\/\/www.lorenz-iblher.com\/de\/wp-content\/uploads\/sites\/2\/2025\/01\/Stimmungsvolles-Event-1024x683.jpg 1024w, https:\/\/www.lorenz-iblher.com\/de\/wp-content\/uploads\/sites\/2\/2025\/01\/Stimmungsvolles-Event-768x512.jpg 768w, https:\/\/www.lorenz-iblher.com\/de\/wp-content\/uploads\/sites\/2\/2025\/01\/Stimmungsvolles-Event-1536x1024.jpg 1536w\" sizes=\"auto, (max-width: 1995px) 100vw, 1995px\" \/><\/figure>\n\n\n\n<figure class=\"wp-block-image size-full\"><img loading=\"lazy\" decoding=\"async\" width=\"1995\" height=\"1330\" data-id=\"2242\" src=\"https:\/\/www.lorenz-iblher.com\/de\/wp-content\/uploads\/sites\/2\/2025\/01\/Tanzendes-Paerchen.jpg\" alt=\"\" class=\"wp-image-2242\" title=\"Tanzendes P\u00e4rchen\" srcset=\"https:\/\/www.lorenz-iblher.com\/de\/wp-content\/uploads\/sites\/2\/2025\/01\/Tanzendes-Paerchen.jpg 1995w, https:\/\/www.lorenz-iblher.com\/de\/wp-content\/uploads\/sites\/2\/2025\/01\/Tanzendes-Paerchen-300x200.jpg 300w, https:\/\/www.lorenz-iblher.com\/de\/wp-content\/uploads\/sites\/2\/2025\/01\/Tanzendes-Paerchen-1024x683.jpg 1024w, https:\/\/www.lorenz-iblher.com\/de\/wp-content\/uploads\/sites\/2\/2025\/01\/Tanzendes-Paerchen-768x512.jpg 768w, https:\/\/www.lorenz-iblher.com\/de\/wp-content\/uploads\/sites\/2\/2025\/01\/Tanzendes-Paerchen-1536x1024.jpg 1536w\" sizes=\"auto, (max-width: 1995px) 100vw, 1995px\" \/><\/figure>\n<\/figure>\n\n\n\n<figure class=\"wp-block-gallery has-nested-images columns-default is-cropped wp-block-gallery-5 is-layout-flex wp-block-gallery-is-layout-flex\">\n<figure class=\"wp-block-image size-full\"><img loading=\"lazy\" decoding=\"async\" width=\"1330\" height=\"1995\" data-id=\"2246\" src=\"https:\/\/www.lorenz-iblher.com\/de\/wp-content\/uploads\/sites\/2\/2025\/01\/Barbereich-im-Freien.jpg\" alt=\"\" class=\"wp-image-2246\" title=\"Barbereich im Freien\" srcset=\"https:\/\/www.lorenz-iblher.com\/de\/wp-content\/uploads\/sites\/2\/2025\/01\/Barbereich-im-Freien.jpg 1330w, https:\/\/www.lorenz-iblher.com\/de\/wp-content\/uploads\/sites\/2\/2025\/01\/Barbereich-im-Freien-200x300.jpg 200w, https:\/\/www.lorenz-iblher.com\/de\/wp-content\/uploads\/sites\/2\/2025\/01\/Barbereich-im-Freien-683x1024.jpg 683w, https:\/\/www.lorenz-iblher.com\/de\/wp-content\/uploads\/sites\/2\/2025\/01\/Barbereich-im-Freien-768x1152.jpg 768w, https:\/\/www.lorenz-iblher.com\/de\/wp-content\/uploads\/sites\/2\/2025\/01\/Barbereich-im-Freien-1024x1536.jpg 1024w\" sizes=\"auto, (max-width: 1330px) 100vw, 1330px\" \/><\/figure>\n\n\n\n<figure class=\"wp-block-image size-full\"><img loading=\"lazy\" decoding=\"async\" width=\"1330\" height=\"1995\" data-id=\"2248\" src=\"https:\/\/www.lorenz-iblher.com\/de\/wp-content\/uploads\/sites\/2\/2025\/01\/Speisekarte-Businessevent.jpg\" alt=\"\" class=\"wp-image-2248\" title=\"Speisekarte bei Businessevent\" srcset=\"https:\/\/www.lorenz-iblher.com\/de\/wp-content\/uploads\/sites\/2\/2025\/01\/Speisekarte-Businessevent.jpg 1330w, https:\/\/www.lorenz-iblher.com\/de\/wp-content\/uploads\/sites\/2\/2025\/01\/Speisekarte-Businessevent-200x300.jpg 200w, https:\/\/www.lorenz-iblher.com\/de\/wp-content\/uploads\/sites\/2\/2025\/01\/Speisekarte-Businessevent-683x1024.jpg 683w, https:\/\/www.lorenz-iblher.com\/de\/wp-content\/uploads\/sites\/2\/2025\/01\/Speisekarte-Businessevent-768x1152.jpg 768w, https:\/\/www.lorenz-iblher.com\/de\/wp-content\/uploads\/sites\/2\/2025\/01\/Speisekarte-Businessevent-1024x1536.jpg 1024w\" sizes=\"auto, (max-width: 1330px) 100vw, 1330px\" \/><\/figure>\n\n\n\n<figure class=\"wp-block-image size-full\"><img loading=\"lazy\" decoding=\"async\" width=\"1330\" height=\"1995\" data-id=\"2247\" src=\"https:\/\/www.lorenz-iblher.com\/de\/wp-content\/uploads\/sites\/2\/2025\/01\/Hauptgang-des-Abendessens.jpg\" alt=\"\" class=\"wp-image-2247\" title=\"Hauptgang des Abendessens\" srcset=\"https:\/\/www.lorenz-iblher.com\/de\/wp-content\/uploads\/sites\/2\/2025\/01\/Hauptgang-des-Abendessens.jpg 1330w, https:\/\/www.lorenz-iblher.com\/de\/wp-content\/uploads\/sites\/2\/2025\/01\/Hauptgang-des-Abendessens-200x300.jpg 200w, https:\/\/www.lorenz-iblher.com\/de\/wp-content\/uploads\/sites\/2\/2025\/01\/Hauptgang-des-Abendessens-683x1024.jpg 683w, https:\/\/www.lorenz-iblher.com\/de\/wp-content\/uploads\/sites\/2\/2025\/01\/Hauptgang-des-Abendessens-768x1152.jpg 768w, https:\/\/www.lorenz-iblher.com\/de\/wp-content\/uploads\/sites\/2\/2025\/01\/Hauptgang-des-Abendessens-1024x1536.jpg 1024w\" sizes=\"auto, (max-width: 1330px) 100vw, 1330px\" \/><\/figure>\n<\/figure>\n\n\n\n<figure class=\"wp-block-gallery alignfull has-nested-images columns-default is-cropped wp-block-gallery-6 is-layout-flex wp-block-gallery-is-layout-flex\">\n<figure class=\"wp-block-image size-full\"><img loading=\"lazy\" decoding=\"async\" width=\"1995\" height=\"1330\" data-id=\"2249\" src=\"https:\/\/www.lorenz-iblher.com\/de\/wp-content\/uploads\/sites\/2\/2025\/01\/Seegelboote-in-Formation-auf-dem-Tejo.jpg\" alt=\"\" class=\"wp-image-2249\" title=\"Seegelboote in Formation auf dem Tejo\" srcset=\"https:\/\/www.lorenz-iblher.com\/de\/wp-content\/uploads\/sites\/2\/2025\/01\/Seegelboote-in-Formation-auf-dem-Tejo.jpg 1995w, https:\/\/www.lorenz-iblher.com\/de\/wp-content\/uploads\/sites\/2\/2025\/01\/Seegelboote-in-Formation-auf-dem-Tejo-300x200.jpg 300w, https:\/\/www.lorenz-iblher.com\/de\/wp-content\/uploads\/sites\/2\/2025\/01\/Seegelboote-in-Formation-auf-dem-Tejo-1024x683.jpg 1024w, https:\/\/www.lorenz-iblher.com\/de\/wp-content\/uploads\/sites\/2\/2025\/01\/Seegelboote-in-Formation-auf-dem-Tejo-768x512.jpg 768w, https:\/\/www.lorenz-iblher.com\/de\/wp-content\/uploads\/sites\/2\/2025\/01\/Seegelboote-in-Formation-auf-dem-Tejo-1536x1024.jpg 1536w\" sizes=\"auto, (max-width: 1995px) 100vw, 1995px\" \/><\/figure>\n\n\n\n<figure class=\"wp-block-image size-full\"><img loading=\"lazy\" decoding=\"async\" width=\"1995\" height=\"1330\" data-id=\"2250\" src=\"https:\/\/www.lorenz-iblher.com\/de\/wp-content\/uploads\/sites\/2\/2025\/01\/Detail-Cocktail-Event.jpg\" alt=\"\" class=\"wp-image-2250\" title=\"Cocktail Detail bei Event\" srcset=\"https:\/\/www.lorenz-iblher.com\/de\/wp-content\/uploads\/sites\/2\/2025\/01\/Detail-Cocktail-Event.jpg 1995w, https:\/\/www.lorenz-iblher.com\/de\/wp-content\/uploads\/sites\/2\/2025\/01\/Detail-Cocktail-Event-300x200.jpg 300w, https:\/\/www.lorenz-iblher.com\/de\/wp-content\/uploads\/sites\/2\/2025\/01\/Detail-Cocktail-Event-1024x683.jpg 1024w, https:\/\/www.lorenz-iblher.com\/de\/wp-content\/uploads\/sites\/2\/2025\/01\/Detail-Cocktail-Event-768x512.jpg 768w, https:\/\/www.lorenz-iblher.com\/de\/wp-content\/uploads\/sites\/2\/2025\/01\/Detail-Cocktail-Event-1536x1024.jpg 1536w\" sizes=\"auto, (max-width: 1995px) 100vw, 1995px\" \/><\/figure>\n\n\n\n<figure class=\"wp-block-image size-full\"><img loading=\"lazy\" decoding=\"async\" width=\"1995\" height=\"1330\" data-id=\"2251\" src=\"https:\/\/www.lorenz-iblher.com\/de\/wp-content\/uploads\/sites\/2\/2025\/01\/Moment-des-Toastes.jpg\" alt=\"\" class=\"wp-image-2251\" title=\"Moment des Toastes\" srcset=\"https:\/\/www.lorenz-iblher.com\/de\/wp-content\/uploads\/sites\/2\/2025\/01\/Moment-des-Toastes.jpg 1995w, https:\/\/www.lorenz-iblher.com\/de\/wp-content\/uploads\/sites\/2\/2025\/01\/Moment-des-Toastes-300x200.jpg 300w, https:\/\/www.lorenz-iblher.com\/de\/wp-content\/uploads\/sites\/2\/2025\/01\/Moment-des-Toastes-1024x683.jpg 1024w, https:\/\/www.lorenz-iblher.com\/de\/wp-content\/uploads\/sites\/2\/2025\/01\/Moment-des-Toastes-768x512.jpg 768w, https:\/\/www.lorenz-iblher.com\/de\/wp-content\/uploads\/sites\/2\/2025\/01\/Moment-des-Toastes-1536x1024.jpg 1536w\" sizes=\"auto, (max-width: 1995px) 100vw, 1995px\" \/><\/figure>\n<\/figure>\n\n\n\n<figure class=\"wp-block-gallery alignfull has-nested-images columns-default is-cropped wp-block-gallery-7 is-layout-flex wp-block-gallery-is-layout-flex\">\n<figure class=\"wp-block-image size-full\"><img loading=\"lazy\" decoding=\"async\" width=\"1330\" height=\"1995\" data-id=\"2253\" src=\"https:\/\/www.lorenz-iblher.com\/de\/wp-content\/uploads\/sites\/2\/2025\/01\/Dame-im-Businessgespraech.jpg\" alt=\"\" class=\"wp-image-2253\" title=\"Dame im Businessgespr\u00e4ch\" srcset=\"https:\/\/www.lorenz-iblher.com\/de\/wp-content\/uploads\/sites\/2\/2025\/01\/Dame-im-Businessgespraech.jpg 1330w, https:\/\/www.lorenz-iblher.com\/de\/wp-content\/uploads\/sites\/2\/2025\/01\/Dame-im-Businessgespraech-200x300.jpg 200w, https:\/\/www.lorenz-iblher.com\/de\/wp-content\/uploads\/sites\/2\/2025\/01\/Dame-im-Businessgespraech-683x1024.jpg 683w, https:\/\/www.lorenz-iblher.com\/de\/wp-content\/uploads\/sites\/2\/2025\/01\/Dame-im-Businessgespraech-768x1152.jpg 768w, https:\/\/www.lorenz-iblher.com\/de\/wp-content\/uploads\/sites\/2\/2025\/01\/Dame-im-Businessgespraech-1024x1536.jpg 1024w\" sizes=\"auto, (max-width: 1330px) 100vw, 1330px\" \/><\/figure>\n\n\n\n<figure class=\"wp-block-image size-full\"><img loading=\"lazy\" decoding=\"async\" width=\"1330\" height=\"1995\" data-id=\"2255\" src=\"https:\/\/www.lorenz-iblher.com\/de\/wp-content\/uploads\/sites\/2\/2025\/01\/Paar-vor-der-25-de-Abril-Bruecke.jpg\" alt=\"\" class=\"wp-image-2255\" title=\"Paar vor der Br\u00fccke 25 de Abril \" srcset=\"https:\/\/www.lorenz-iblher.com\/de\/wp-content\/uploads\/sites\/2\/2025\/01\/Paar-vor-der-25-de-Abril-Bruecke.jpg 1330w, https:\/\/www.lorenz-iblher.com\/de\/wp-content\/uploads\/sites\/2\/2025\/01\/Paar-vor-der-25-de-Abril-Bruecke-200x300.jpg 200w, https:\/\/www.lorenz-iblher.com\/de\/wp-content\/uploads\/sites\/2\/2025\/01\/Paar-vor-der-25-de-Abril-Bruecke-683x1024.jpg 683w, https:\/\/www.lorenz-iblher.com\/de\/wp-content\/uploads\/sites\/2\/2025\/01\/Paar-vor-der-25-de-Abril-Bruecke-768x1152.jpg 768w, https:\/\/www.lorenz-iblher.com\/de\/wp-content\/uploads\/sites\/2\/2025\/01\/Paar-vor-der-25-de-Abril-Bruecke-1024x1536.jpg 1024w\" sizes=\"auto, (max-width: 1330px) 100vw, 1330px\" \/><\/figure>\n\n\n\n<figure class=\"wp-block-image size-full\"><img loading=\"lazy\" decoding=\"async\" width=\"1330\" height=\"1995\" data-id=\"2254\" src=\"https:\/\/www.lorenz-iblher.com\/de\/wp-content\/uploads\/sites\/2\/2025\/01\/Frauen-am-Eventeingang.jpg\" alt=\"\" class=\"wp-image-2254\" title=\"Frauen am Eventeingang\" srcset=\"https:\/\/www.lorenz-iblher.com\/de\/wp-content\/uploads\/sites\/2\/2025\/01\/Frauen-am-Eventeingang.jpg 1330w, https:\/\/www.lorenz-iblher.com\/de\/wp-content\/uploads\/sites\/2\/2025\/01\/Frauen-am-Eventeingang-200x300.jpg 200w, https:\/\/www.lorenz-iblher.com\/de\/wp-content\/uploads\/sites\/2\/2025\/01\/Frauen-am-Eventeingang-683x1024.jpg 683w, https:\/\/www.lorenz-iblher.com\/de\/wp-content\/uploads\/sites\/2\/2025\/01\/Frauen-am-Eventeingang-768x1152.jpg 768w, https:\/\/www.lorenz-iblher.com\/de\/wp-content\/uploads\/sites\/2\/2025\/01\/Frauen-am-Eventeingang-1024x1536.jpg 1024w\" sizes=\"auto, (max-width: 1330px) 100vw, 1330px\" \/><\/figure>\n<\/figure>\n\n\n\n<figure class=\"wp-block-gallery alignfull has-nested-images columns-default is-cropped wp-block-gallery-8 is-layout-flex wp-block-gallery-is-layout-flex\">\n<figure class=\"wp-block-image size-full\"><img loading=\"lazy\" decoding=\"async\" width=\"1995\" height=\"1330\" data-id=\"2258\" src=\"https:\/\/www.lorenz-iblher.com\/de\/wp-content\/uploads\/sites\/2\/2025\/01\/Businessgespraech-beim-Abendessen.jpg\" alt=\"\" class=\"wp-image-2258\" title=\"Businessgespr\u00e4ch beim Abendessen\" srcset=\"https:\/\/www.lorenz-iblher.com\/de\/wp-content\/uploads\/sites\/2\/2025\/01\/Businessgespraech-beim-Abendessen.jpg 1995w, https:\/\/www.lorenz-iblher.com\/de\/wp-content\/uploads\/sites\/2\/2025\/01\/Businessgespraech-beim-Abendessen-300x200.jpg 300w, https:\/\/www.lorenz-iblher.com\/de\/wp-content\/uploads\/sites\/2\/2025\/01\/Businessgespraech-beim-Abendessen-1024x683.jpg 1024w, https:\/\/www.lorenz-iblher.com\/de\/wp-content\/uploads\/sites\/2\/2025\/01\/Businessgespraech-beim-Abendessen-768x512.jpg 768w, https:\/\/www.lorenz-iblher.com\/de\/wp-content\/uploads\/sites\/2\/2025\/01\/Businessgespraech-beim-Abendessen-1536x1024.jpg 1536w\" sizes=\"auto, (max-width: 1995px) 100vw, 1995px\" \/><\/figure>\n\n\n\n<figure class=\"wp-block-image size-full\"><img loading=\"lazy\" decoding=\"async\" width=\"1995\" height=\"1330\" data-id=\"2259\" src=\"https:\/\/www.lorenz-iblher.com\/de\/wp-content\/uploads\/sites\/2\/2025\/01\/Kuenstlerauftritt-in-der-Abendvorstellung.jpg\" alt=\"\" class=\"wp-image-2259\" title=\"K\u00fcnstlerauftritt in der Abendvorstellung\" srcset=\"https:\/\/www.lorenz-iblher.com\/de\/wp-content\/uploads\/sites\/2\/2025\/01\/Kuenstlerauftritt-in-der-Abendvorstellung.jpg 1995w, https:\/\/www.lorenz-iblher.com\/de\/wp-content\/uploads\/sites\/2\/2025\/01\/Kuenstlerauftritt-in-der-Abendvorstellung-300x200.jpg 300w, https:\/\/www.lorenz-iblher.com\/de\/wp-content\/uploads\/sites\/2\/2025\/01\/Kuenstlerauftritt-in-der-Abendvorstellung-1024x683.jpg 1024w, https:\/\/www.lorenz-iblher.com\/de\/wp-content\/uploads\/sites\/2\/2025\/01\/Kuenstlerauftritt-in-der-Abendvorstellung-768x512.jpg 768w, https:\/\/www.lorenz-iblher.com\/de\/wp-content\/uploads\/sites\/2\/2025\/01\/Kuenstlerauftritt-in-der-Abendvorstellung-1536x1024.jpg 1536w\" sizes=\"auto, (max-width: 1995px) 100vw, 1995px\" \/><\/figure>\n\n\n\n<figure class=\"wp-block-image size-full\"><img loading=\"lazy\" decoding=\"async\" width=\"1995\" height=\"1330\" data-id=\"2260\" src=\"https:\/\/www.lorenz-iblher.com\/de\/wp-content\/uploads\/sites\/2\/2025\/01\/Servieren-des-Abendessens.jpg\" alt=\"\" class=\"wp-image-2260\" title=\"Servieren des Abendessens\" srcset=\"https:\/\/www.lorenz-iblher.com\/de\/wp-content\/uploads\/sites\/2\/2025\/01\/Servieren-des-Abendessens.jpg 1995w, https:\/\/www.lorenz-iblher.com\/de\/wp-content\/uploads\/sites\/2\/2025\/01\/Servieren-des-Abendessens-300x200.jpg 300w, https:\/\/www.lorenz-iblher.com\/de\/wp-content\/uploads\/sites\/2\/2025\/01\/Servieren-des-Abendessens-1024x683.jpg 1024w, https:\/\/www.lorenz-iblher.com\/de\/wp-content\/uploads\/sites\/2\/2025\/01\/Servieren-des-Abendessens-768x512.jpg 768w, https:\/\/www.lorenz-iblher.com\/de\/wp-content\/uploads\/sites\/2\/2025\/01\/Servieren-des-Abendessens-1536x1024.jpg 1536w\" sizes=\"auto, (max-width: 1995px) 100vw, 1995px\" \/><\/figure>\n<\/figure>\n\n\n\n<div style=\"height:40px\" aria-hidden=\"true\" class=\"wp-block-spacer\"><\/div>\n\n\n\n<div class=\"wp-block-group alignwide\"><div class=\"wp-block-group__inner-container is-layout-constrained wp-block-group-is-layout-constrained\">\n<p>Die Bedeutung professioneller Eventfotografie f\u00fcr den Erfolg Ihrer Veranstaltung in Portugal<br><br>Egal, um welche Art von Veranstaltung es sich handelt &#8211; Kongresse-Messen, Sport, Firmenfeiern &#8211; die Zusammenarbeit mit einem professionellen Eventfotografen ist entscheidend, um die wichtigsten Momente festzuhalten und das Wesen des Geschehens authentisch zu kommunizieren. Hochwertige Fotos bewahren nicht nur Erinnerungen, sondern st\u00e4rken auch Ihre Marke und liefern wertvolle Inhalte f\u00fcr soziale Medien, Websites und Werbematerialien. Ein erfahrener Fotograf versteht die Bedeutung von Details, sorgt f\u00fcr optimale Beleuchtung und passt sich flexibel an unterschiedliche Situationen an. In meiner Arbeit als Eventfotograf lege ich gro\u00dfen Wert auf technische Qualit\u00e4t und respektiere gleichzeitig die Dynamik jeder Veranstaltung, um sicherzustellen, dass meine Pr\u00e4senz die Erfahrung der Teilnehmer nicht st\u00f6rt.<br><br>Unternehmensveranstaltungen<br><br>Bei Unternehmensveranstaltungen wie Konferenzen, Produkteinf\u00fchrungen oder Jahrestagungen liegt der Schwerpunkt auf der Dokumentation institutioneller Momente und der Interaktion zwischen den Teilnehmern. Diese Fotografien sind entscheidend, um die Unternehmenskultur zu f\u00f6rdern, neue Partnerschaften zu kn\u00fcpfen und das Markenimage zu st\u00e4rken. Als Fotograf f\u00fcr Unternehmensveranstaltungen garantiere ich, dass die Aufnahmen elegant sind und im Einklang mit der visuellen Identit\u00e4t Ihres Unternehmens stehen.<br><br>Sportveranstaltungen<br><br>Die Sportfotografie erfordert Schnelligkeit und Pr\u00e4zision, um die Emotionen und Bewegungen der Athleten festzuhalten. Ob bei Abenteuerl\u00e4ufen oder lokalen Turnieren \u2013 ich strebe danach, das Adrenalin und die Energie der intensivsten Momente einzufangen. Mit der richtigen Ausr\u00fcstung und einem aufmerksamen Blick liefere ich lebendige Bilder, die das Wesen des Sports widerspiegeln.<br><br>Konzerte und Festivals<br><br>Die Herausforderung, die Energie eines Konzerts oder die einzigartige Atmosph\u00e4re eines Festivals einzufangen, erfordert sowohl k\u00fcnstlerisches Gesp\u00fcr als auch technische Erfahrung. In diesen Momenten sollten die Fotografien sowohl die K\u00fcnstler in Aktion als auch die Emotionen des Publikums hervorheben. Diese Bilder k\u00f6nnen genutzt werden, um zuk\u00fcnftige Veranstaltungen zu bewerben, Portfolios f\u00fcr K\u00fcnstler zu erstellen und die Veranstaltung insgesamt zu f\u00f6rdern.<br><br>Messen und Fachausstellungen<br><br>Fachmessen sind bedeutende Plattformen f\u00fcr Networking und Sichtbarkeit. Gut gestaltete Fotografien helfen dabei, St\u00e4nde, Produkte und die Interaktion zwischen Ausstellern und Besuchern hervorzuheben. Eine professionelle Dokumentation tr\u00e4gt dazu bei, die Relevanz und den Einfluss der Veranstaltung auf die Zielgruppe zu kommunizieren.<br><br>In meiner Eventfotografie-Dienstleistung biete ich einen personalisierten und flexiblen Ansatz, der auf die spezifischen Bed\u00fcrfnisse jedes Kunden eingeht. Wenn Sie nach Bildern suchen, die den&nbsp; Erfolg Ihrer Veranstaltung vermitteln, z\u00f6gern Sie nicht, mich zu kontaktieren, um \u00fcber Ihr Projekt zu sprechen.<\/p>\n\n\n\n<p>Lorenz Iblher \u2013 professionelle Eventfotografie Portugal<\/p>\n<\/div><\/div>\n<\/div><\/div>\n","protected":false},"excerpt":{"rendered":"<p>Professionelle Eventfotografie Fangen Sie die Magie Ihres Events ein! Mit einem feinen Gesp\u00fcr f\u00fcr Details und einem Auge f\u00fcr die besonderen Momente halte ich die Emotionen und Atmosph\u00e4re Ihrer Veranstaltung fest.&nbsp; Von der Vorbereitung bis zum feierlichen Abschluss sorge ich mit professionellen und authentischen Bildern daf\u00fcr, dass Ihr Event f\u00fcr immer lebendig bleibt. Erleben Sie [&hellip;]<\/p>\n","protected":false},"author":1,"featured_media":0,"parent":0,"menu_order":0,"comment_status":"closed","ping_status":"closed","template":"page-full-width.php","meta":{"_acf_changed":false,"footnotes":""},"class_list":["post-360","page","type-page","status-publish","hentry"],"acf":[],"yoast_head":"<!-- This site is optimized with the Yoast SEO plugin v24.4 - https:\/\/yoast.com\/wordpress\/plugins\/seo\/ -->\n<title>Professionelle Eventfotografie in Portugal| Event Fotograf f\u00fcr Sportveransatltungen, Kongresse, Messen, Motosport, Firmenfeiern, P\u00e4sentationen<\/title>\n<meta name=\"description\" content=\"Professioneller Eventfotograf in Portugal f\u00fcr Veranstaltungen, Messen, Sportereignisse, PR-Aktionen, Pressetermine und Firmenfeiern. Neben klassischen Eventfotos biete ich auch hochwertige Drohnenfotografie an, um Ihre Events aus einzigartigen Perspektiven festzuhalten.\" \/>\n<meta name=\"robots\" content=\"index, follow, max-snippet:-1, max-image-preview:large, max-video-preview:-1\" \/>\n<link rel=\"canonical\" href=\"https:\/\/www.lorenz-iblher.com\/de\/eventfotograf-in-portugal-professionelle-eventfotografie-kongresse-messen-sport-firmenfeiern\/\" \/>\n<meta property=\"og:locale\" content=\"de_DE\" \/>\n<meta property=\"og:type\" content=\"article\" \/>\n<meta property=\"og:title\" content=\"Professionelle Eventfotografie in Portugal| Event Fotograf f\u00fcr Sportveransatltungen, Kongresse, Messen, Motosport, Firmenfeiern, P\u00e4sentationen\" \/>\n<meta property=\"og:description\" content=\"Professioneller Eventfotograf in Portugal f\u00fcr Veranstaltungen, Messen, Sportereignisse, PR-Aktionen, Pressetermine und Firmenfeiern. Neben klassischen Eventfotos biete ich auch hochwertige Drohnenfotografie an, um Ihre Events aus einzigartigen Perspektiven festzuhalten.\" \/>\n<meta property=\"og:url\" content=\"https:\/\/www.lorenz-iblher.com\/de\/eventfotograf-in-portugal-professionelle-eventfotografie-kongresse-messen-sport-firmenfeiern\/\" \/>\n<meta property=\"og:site_name\" content=\"Lorenz Iblher\" \/>\n<meta property=\"article:modified_time\" content=\"2025-02-06T00:14:50+00:00\" \/>\n<meta property=\"og:image\" content=\"https:\/\/www.lorenz-iblher.com\/de\/wp-content\/uploads\/sites\/2\/2024\/04\/GROHE-DAY-3-Morning-0233-scaled-1.jpg\" \/>\n\t<meta property=\"og:image:width\" content=\"2560\" \/>\n\t<meta property=\"og:image:height\" content=\"1707\" \/>\n\t<meta property=\"og:image:type\" content=\"image\/jpeg\" \/>\n<meta name=\"twitter:card\" content=\"summary_large_image\" \/>\n<meta name=\"twitter:label1\" content=\"Gesch\u00e4tzte Lesezeit\" \/>\n\t<meta name=\"twitter:data1\" content=\"8\u00a0Minuten\" \/>\n<script type=\"application\/ld+json\" class=\"yoast-schema-graph\">{\"@context\":\"https:\/\/schema.org\",\"@graph\":[{\"@type\":\"WebPage\",\"@id\":\"https:\/\/www.lorenz-iblher.com\/de\/eventfotograf-in-portugal-professionelle-eventfotografie-kongresse-messen-sport-firmenfeiern\/\",\"url\":\"https:\/\/www.lorenz-iblher.com\/de\/eventfotograf-in-portugal-professionelle-eventfotografie-kongresse-messen-sport-firmenfeiern\/\",\"name\":\"Professionelle Eventfotografie in Portugal| Event Fotograf f\u00fcr Sportveransatltungen, Kongresse, Messen, Motosport, Firmenfeiern, P\u00e4sentationen\",\"isPartOf\":{\"@id\":\"https:\/\/www.lorenz-iblher.com\/de\/#website\"},\"primaryImageOfPage\":{\"@id\":\"https:\/\/www.lorenz-iblher.com\/de\/eventfotograf-in-portugal-professionelle-eventfotografie-kongresse-messen-sport-firmenfeiern\/#primaryimage\"},\"image\":{\"@id\":\"https:\/\/www.lorenz-iblher.com\/de\/eventfotograf-in-portugal-professionelle-eventfotografie-kongresse-messen-sport-firmenfeiern\/#primaryimage\"},\"thumbnailUrl\":\"https:\/\/www.lorenz-iblher.com\/de\/wp-content\/uploads\/sites\/2\/2024\/04\/GROHE-DAY-3-Morning-0233-scaled-1.jpg\",\"datePublished\":\"2022-08-17T10:42:03+00:00\",\"dateModified\":\"2025-02-06T00:14:50+00:00\",\"description\":\"Professioneller Eventfotograf in Portugal f\u00fcr Veranstaltungen, Messen, Sportereignisse, PR-Aktionen, Pressetermine und Firmenfeiern. Neben klassischen Eventfotos biete ich auch hochwertige Drohnenfotografie an, um Ihre Events aus einzigartigen Perspektiven festzuhalten.\",\"breadcrumb\":{\"@id\":\"https:\/\/www.lorenz-iblher.com\/de\/eventfotograf-in-portugal-professionelle-eventfotografie-kongresse-messen-sport-firmenfeiern\/#breadcrumb\"},\"inLanguage\":\"de\",\"potentialAction\":[{\"@type\":\"ReadAction\",\"target\":[\"https:\/\/www.lorenz-iblher.com\/de\/eventfotograf-in-portugal-professionelle-eventfotografie-kongresse-messen-sport-firmenfeiern\/\"]}]},{\"@type\":\"ImageObject\",\"inLanguage\":\"de\",\"@id\":\"https:\/\/www.lorenz-iblher.com\/de\/eventfotograf-in-portugal-professionelle-eventfotografie-kongresse-messen-sport-firmenfeiern\/#primaryimage\",\"url\":\"https:\/\/www.lorenz-iblher.com\/de\/wp-content\/uploads\/sites\/2\/2024\/04\/GROHE-DAY-3-Morning-0233-scaled-1.jpg\",\"contentUrl\":\"https:\/\/www.lorenz-iblher.com\/de\/wp-content\/uploads\/sites\/2\/2024\/04\/GROHE-DAY-3-Morning-0233-scaled-1.jpg\",\"width\":2560,\"height\":1707},{\"@type\":\"BreadcrumbList\",\"@id\":\"https:\/\/www.lorenz-iblher.com\/de\/eventfotograf-in-portugal-professionelle-eventfotografie-kongresse-messen-sport-firmenfeiern\/#breadcrumb\",\"itemListElement\":[{\"@type\":\"ListItem\",\"position\":1,\"name\":\"Startseite\",\"item\":\"https:\/\/www.lorenz-iblher.com\/de\/\"},{\"@type\":\"ListItem\",\"position\":2,\"name\":\"Eventfotografie\"}]},{\"@type\":\"WebSite\",\"@id\":\"https:\/\/www.lorenz-iblher.com\/de\/#website\",\"url\":\"https:\/\/www.lorenz-iblher.com\/de\/\",\"name\":\"Lorenz Iblher\",\"description\":\"\",\"potentialAction\":[{\"@type\":\"SearchAction\",\"target\":{\"@type\":\"EntryPoint\",\"urlTemplate\":\"https:\/\/www.lorenz-iblher.com\/de\/?s={search_term_string}\"},\"query-input\":{\"@type\":\"PropertyValueSpecification\",\"valueRequired\":true,\"valueName\":\"search_term_string\"}}],\"inLanguage\":\"de\"}]}<\/script>\n<!-- \/ Yoast SEO plugin. -->","yoast_head_json":{"title":"Professionelle Eventfotografie in Portugal| Event Fotograf f\u00fcr Sportveransatltungen, Kongresse, Messen, Motosport, Firmenfeiern, P\u00e4sentationen","description":"Professioneller Eventfotograf in Portugal f\u00fcr Veranstaltungen, Messen, Sportereignisse, PR-Aktionen, Pressetermine und Firmenfeiern. Neben klassischen Eventfotos biete ich auch hochwertige Drohnenfotografie an, um Ihre Events aus einzigartigen Perspektiven festzuhalten.","robots":{"index":"index","follow":"follow","max-snippet":"max-snippet:-1","max-image-preview":"max-image-preview:large","max-video-preview":"max-video-preview:-1"},"canonical":"https:\/\/www.lorenz-iblher.com\/de\/eventfotograf-in-portugal-professionelle-eventfotografie-kongresse-messen-sport-firmenfeiern\/","og_locale":"de_DE","og_type":"article","og_title":"Professionelle Eventfotografie in Portugal| Event Fotograf f\u00fcr Sportveransatltungen, Kongresse, Messen, Motosport, Firmenfeiern, P\u00e4sentationen","og_description":"Professioneller Eventfotograf in Portugal f\u00fcr Veranstaltungen, Messen, Sportereignisse, PR-Aktionen, Pressetermine und Firmenfeiern. Neben klassischen Eventfotos biete ich auch hochwertige Drohnenfotografie an, um Ihre Events aus einzigartigen Perspektiven festzuhalten.","og_url":"https:\/\/www.lorenz-iblher.com\/de\/eventfotograf-in-portugal-professionelle-eventfotografie-kongresse-messen-sport-firmenfeiern\/","og_site_name":"Lorenz Iblher","article_modified_time":"2025-02-06T00:14:50+00:00","og_image":[{"width":2560,"height":1707,"url":"https:\/\/www.lorenz-iblher.com\/de\/wp-content\/uploads\/sites\/2\/2024\/04\/GROHE-DAY-3-Morning-0233-scaled-1.jpg","type":"image\/jpeg"}],"twitter_card":"summary_large_image","twitter_misc":{"Gesch\u00e4tzte Lesezeit":"8\u00a0Minuten"},"schema":{"@context":"https:\/\/schema.org","@graph":[{"@type":"WebPage","@id":"https:\/\/www.lorenz-iblher.com\/de\/eventfotograf-in-portugal-professionelle-eventfotografie-kongresse-messen-sport-firmenfeiern\/","url":"https:\/\/www.lorenz-iblher.com\/de\/eventfotograf-in-portugal-professionelle-eventfotografie-kongresse-messen-sport-firmenfeiern\/","name":"Professionelle Eventfotografie in Portugal| Event Fotograf f\u00fcr Sportveransatltungen, Kongresse, Messen, Motosport, Firmenfeiern, P\u00e4sentationen","isPartOf":{"@id":"https:\/\/www.lorenz-iblher.com\/de\/#website"},"primaryImageOfPage":{"@id":"https:\/\/www.lorenz-iblher.com\/de\/eventfotograf-in-portugal-professionelle-eventfotografie-kongresse-messen-sport-firmenfeiern\/#primaryimage"},"image":{"@id":"https:\/\/www.lorenz-iblher.com\/de\/eventfotograf-in-portugal-professionelle-eventfotografie-kongresse-messen-sport-firmenfeiern\/#primaryimage"},"thumbnailUrl":"https:\/\/www.lorenz-iblher.com\/de\/wp-content\/uploads\/sites\/2\/2024\/04\/GROHE-DAY-3-Morning-0233-scaled-1.jpg","datePublished":"2022-08-17T10:42:03+00:00","dateModified":"2025-02-06T00:14:50+00:00","description":"Professioneller Eventfotograf in Portugal f\u00fcr Veranstaltungen, Messen, Sportereignisse, PR-Aktionen, Pressetermine und Firmenfeiern. Neben klassischen Eventfotos biete ich auch hochwertige Drohnenfotografie an, um Ihre Events aus einzigartigen Perspektiven festzuhalten.","breadcrumb":{"@id":"https:\/\/www.lorenz-iblher.com\/de\/eventfotograf-in-portugal-professionelle-eventfotografie-kongresse-messen-sport-firmenfeiern\/#breadcrumb"},"inLanguage":"de","potentialAction":[{"@type":"ReadAction","target":["https:\/\/www.lorenz-iblher.com\/de\/eventfotograf-in-portugal-professionelle-eventfotografie-kongresse-messen-sport-firmenfeiern\/"]}]},{"@type":"ImageObject","inLanguage":"de","@id":"https:\/\/www.lorenz-iblher.com\/de\/eventfotograf-in-portugal-professionelle-eventfotografie-kongresse-messen-sport-firmenfeiern\/#primaryimage","url":"https:\/\/www.lorenz-iblher.com\/de\/wp-content\/uploads\/sites\/2\/2024\/04\/GROHE-DAY-3-Morning-0233-scaled-1.jpg","contentUrl":"https:\/\/www.lorenz-iblher.com\/de\/wp-content\/uploads\/sites\/2\/2024\/04\/GROHE-DAY-3-Morning-0233-scaled-1.jpg","width":2560,"height":1707},{"@type":"BreadcrumbList","@id":"https:\/\/www.lorenz-iblher.com\/de\/eventfotograf-in-portugal-professionelle-eventfotografie-kongresse-messen-sport-firmenfeiern\/#breadcrumb","itemListElement":[{"@type":"ListItem","position":1,"name":"Startseite","item":"https:\/\/www.lorenz-iblher.com\/de\/"},{"@type":"ListItem","position":2,"name":"Eventfotografie"}]},{"@type":"WebSite","@id":"https:\/\/www.lorenz-iblher.com\/de\/#website","url":"https:\/\/www.lorenz-iblher.com\/de\/","name":"Lorenz Iblher","description":"","potentialAction":[{"@type":"SearchAction","target":{"@type":"EntryPoint","urlTemplate":"https:\/\/www.lorenz-iblher.com\/de\/?s={search_term_string}"},"query-input":{"@type":"PropertyValueSpecification","valueRequired":true,"valueName":"search_term_string"}}],"inLanguage":"de"}]}},"_links":{"self":[{"href":"https:\/\/www.lorenz-iblher.com\/de\/wp-json\/wp\/v2\/pages\/360","targetHints":{"allow":["GET"]}}],"collection":[{"href":"https:\/\/www.lorenz-iblher.com\/de\/wp-json\/wp\/v2\/pages"}],"about":[{"href":"https:\/\/www.lorenz-iblher.com\/de\/wp-json\/wp\/v2\/types\/page"}],"author":[{"embeddable":true,"href":"https:\/\/www.lorenz-iblher.com\/de\/wp-json\/wp\/v2\/users\/1"}],"replies":[{"embeddable":true,"href":"https:\/\/www.lorenz-iblher.com\/de\/wp-json\/wp\/v2\/comments?post=360"}],"version-history":[{"count":16,"href":"https:\/\/www.lorenz-iblher.com\/de\/wp-json\/wp\/v2\/pages\/360\/revisions"}],"predecessor-version":[{"id":2302,"href":"https:\/\/www.lorenz-iblher.com\/de\/wp-json\/wp\/v2\/pages\/360\/revisions\/2302"}],"wp:attachment":[{"href":"https:\/\/www.lorenz-iblher.com\/de\/wp-json\/wp\/v2\/media?parent=360"}],"curies":[{"name":"wp","href":"https:\/\/api.w.org\/{rel}","templated":true}]}}